{"id":11725,"date":"2022-01-28T00:16:39","date_gmt":"2022-01-27T23:16:39","guid":{"rendered":"http:\/\/www.photoclubsavenay.com\/blogWP\/?page_id=11725"},"modified":"2023-02-18T11:06:45","modified_gmt":"2023-02-18T10:06:45","slug":"les-dernieres-infos-du-club","status":"publish","type":"page","link":"https:\/\/www.photoclubsavenay.com\/blogWP\/les-dernieres-infos-du-club\/","title":{"rendered":"Les derni\u00e8res infos du club"},"content":{"rendered":"\n<div class=\"wp-block-uagb-container uagb-block-d2a583eb alignfull uagb-is-root-container\"><div class=\"uagb-container-inner-blocks-wrap\">\t\t\t<div class = \"\n\t\t\twp-block-uagb-post-timeline uagb-timeline__outer-wrap uagb-block-35c5c078-42fe-47ce-9f56-bc42a5be4c96    uagb-timeline__arrow-center uagb-timeline__center-block uagb_timeline__cta-enable uagb-timeline uagb-timeline__content-wrap\t\t\tuagb-timeline__arrow-center uagb-timeline__center-block uagb_timeline__cta-enable uagb-timeline uagb-timeline__content-wrap\t\t\t\"\n\t\t\tstyle=\"\" >\n\t\t\t\t\t\t\t\t\t\t\t<article class = \"uagb-timeline__field  uagb-timeline__right\">\n\t\t\t\t\t\t\t\t<div class = \"uagb-timeline__marker uagb-timeline__out-view-icon\" >\n\t\t\t\t<span class = \"uagb-timeline__icon-new uagb-timeline__out-view-icon\" >\t\t\t\t<svg xmlns=\"https:\/\/www.w3.org\/2000\/svg\" viewBox= \"0 0 448 512\"><path d=\"M160 32V64H288V32C288 14.33 302.3 0 320 0C337.7 0 352 14.33 352 32V64H400C426.5 64 448 85.49 448 112V160H0V112C0 85.49 21.49 64 48 64H96V32C96 14.33 110.3 0 128 0C145.7 0 160 14.33 160 32zM0 192H448V464C448 490.5 426.5 512 400 512H48C21.49 512 0 490.5 0 464V192zM64 304C64 312.8 71.16 320 80 320H112C120.8 320 128 312.8 128 304V272C128 263.2 120.8 256 112 256H80C71.16 256 64 263.2 64 272V304zM192 304C192 312.8 199.2 320 208 320H240C248.8 320 256 312.8 256 304V272C256 263.2 248.8 256 240 256H208C199.2 256 192 263.2 192 272V304zM336 256C327.2 256 320 263.2 320 272V304C320 312.8 327.2 320 336 320H368C376.8 320 384 312.8 384 304V272C384 263.2 376.8 256 368 256H336zM64 432C64 440.8 71.16 448 80 448H112C120.8 448 128 440.8 128 432V400C128 391.2 120.8 384 112 384H80C71.16 384 64 391.2 64 400V432zM208 384C199.2 384 192 391.2 192 400V432C192 440.8 199.2 448 208 448H240C248.8 448 256 440.8 256 432V400C256 391.2 248.8 384 240 384H208zM320 432C320 440.8 327.2 448 336 448H368C376.8 448 384 440.8 384 432V400C384 391.2 376.8 384 368 384H336C327.2 384 320 391.2 320 400V432z\"><\/path><\/svg>\n\t\t\t\t<\/span>\n\t\t\t<\/div>\n\t\t\t\t\t\t\t\t<div class = \"uagb-timeline__day-new uagb-timeline__day-right uagb-timeline__events-inner-new\" >\n\t\t\t\t\t\t<div class=\"uagb-timeline__events-inner--content\">\n\t\t\t\t\t\t\t\t\t\t\t<div datetime=\"2023-09-22T17:08:23+02:00\" class=\"uagb-timeline__date-hide uagb-timeline__inner-date-new\">\n\t\t\t\tseptembre 22, 2023\t\t\t<\/div>\n\t\t\t\t\t\t\t\t\t\t\t\t\t\t<a class='uagb-timeline__image' href=\"https:\/\/www.photoclubsavenay.com\/blogWP\/seance-du-21-septembre-2023\/\" target=\"_self\" rel=\"noopener noreferrer\"><img loading=\"lazy\" decoding=\"async\" width=\"150\" height=\"150\" src=\"https:\/\/www.photoclubsavenay.com\/blogWP\/wp-content\/uploads\/2022\/12\/Seances-150x150.png\" class=\"attachment-thumbnail size-thumbnail\" alt=\"\" srcset=\"https:\/\/www.photoclubsavenay.com\/blogWP\/wp-content\/uploads\/2022\/12\/Seances-150x150.png 150w, https:\/\/www.photoclubsavenay.com\/blogWP\/wp-content\/uploads\/2022\/12\/Seances-300x300.png 300w, https:\/\/www.photoclubsavenay.com\/blogWP\/wp-content\/uploads\/2022\/12\/Seances-1024x1024.png 1024w, https:\/\/www.photoclubsavenay.com\/blogWP\/wp-content\/uploads\/2022\/12\/Seances-768x768.png 768w, https:\/\/www.photoclubsavenay.com\/blogWP\/wp-content\/uploads\/2022\/12\/Seances.png 1080w\" sizes=\"(max-width: 150px) 100vw, 150px\" \/>\t\t\t\t<\/a>\n\t\t\t\t\t\t\t\t\t\t\t\t\t\t\t\t\t\t\t<h3 class=\"uagb-timeline__heading\" >\n\t\t\t\t\t<a href=\"https:\/\/www.photoclubsavenay.com\/blogWP\/seance-du-21-septembre-2023\/\" target=\"_self\" rel=\"noopener noreferrer\">S\u00e9ance du 21 Septembre 2023<\/a>\n\t\t\t\t<\/h3>\n\t\t\t\t\t\t\t\t\t\t\t<span class=\"dashicons-admin-users dashicons\"><\/span>\n\t\t\t\t<a class=\"uagb-timeline__author-link\" href=\"https:\/\/www.photoclubsavenay.com\/blogWP\/author\/photoclubsavenay\/\">PhotoClub Savenay<\/a>\n\t\t\t\t\t\t\t<div class=\"uagb-timeline-desc-content\">\n\t\t\t\t<p>Compte-rendu de la s\u00e9ance du 21.09.2023Accueil de 3 nouveaux photographes\u00a0qui viennent d\u00e9couvrir le club:- Ma\u00eblie:&#8230;\t\t\t<\/div>\n\t\t\t\t\t\t<div class=\"uagb-timeline__link_parent wp-block-button\">\n\t\t\t\t<a class=\"uagb-timeline__link wp-block-button__link\" style=\"\" href=\"https:\/\/www.photoclubsavenay.com\/blogWP\/seance-du-21-septembre-2023\/\" target=\"_self\" rel=\" noopener noreferrer\">Lire la suite<\/a>\n\t\t\t<\/div>\n\t\t\t\t\t\t\t\t\t\t\t<div class = \"uagb-timeline__arrow\"><\/div>\n\t\t\t\t\t\t<\/div>\n\t\t\t\t\t<\/div>\n\t\t\t\t\t\t\t\t\t\t\t\t\t\t<div datetime=\"2023-09-22T17:08:23+02:00\" class=\"uagb-timeline__date-new\">\n\t\t\t\tseptembre 22, 2023\t\t\t<\/div>\n\t\t\t\t\t\t\t\t\t\t\t<\/article>\n\t\t\t\t\t\t<article class = \"uagb-timeline__field  uagb-timeline__left\">\n\t\t\t\t\t\t\t\t<div class = \"uagb-timeline__marker uagb-timeline__out-view-icon\" >\n\t\t\t\t<span class = \"uagb-timeline__icon-new uagb-timeline__out-view-icon\" >\t\t\t\t<svg xmlns=\"https:\/\/www.w3.org\/2000\/svg\" viewBox= \"0 0 448 512\"><path d=\"M160 32V64H288V32C288 14.33 302.3 0 320 0C337.7 0 352 14.33 352 32V64H400C426.5 64 448 85.49 448 112V160H0V112C0 85.49 21.49 64 48 64H96V32C96 14.33 110.3 0 128 0C145.7 0 160 14.33 160 32zM0 192H448V464C448 490.5 426.5 512 400 512H48C21.49 512 0 490.5 0 464V192zM64 304C64 312.8 71.16 320 80 320H112C120.8 320 128 312.8 128 304V272C128 263.2 120.8 256 112 256H80C71.16 256 64 263.2 64 272V304zM192 304C192 312.8 199.2 320 208 320H240C248.8 320 256 312.8 256 304V272C256 263.2 248.8 256 240 256H208C199.2 256 192 263.2 192 272V304zM336 256C327.2 256 320 263.2 320 272V304C320 312.8 327.2 320 336 320H368C376.8 320 384 312.8 384 304V272C384 263.2 376.8 256 368 256H336zM64 432C64 440.8 71.16 448 80 448H112C120.8 448 128 440.8 128 432V400C128 391.2 120.8 384 112 384H80C71.16 384 64 391.2 64 400V432zM208 384C199.2 384 192 391.2 192 400V432C192 440.8 199.2 448 208 448H240C248.8 448 256 440.8 256 432V400C256 391.2 248.8 384 240 384H208zM320 432C320 440.8 327.2 448 336 448H368C376.8 448 384 440.8 384 432V400C384 391.2 376.8 384 368 384H336C327.2 384 320 391.2 320 400V432z\"><\/path><\/svg>\n\t\t\t\t<\/span>\n\t\t\t<\/div>\n\t\t\t\t\t\t\t\t<div class = \"uagb-timeline__day-new uagb-timeline__day-left uagb-timeline__events-inner-new\" >\n\t\t\t\t\t\t<div class=\"uagb-timeline__events-inner--content\">\n\t\t\t\t\t\t\t\t\t\t\t<div datetime=\"2023-05-23T19:53:11+02:00\" class=\"uagb-timeline__date-hide uagb-timeline__inner-date-new\">\n\t\t\t\tmai 23, 2023\t\t\t<\/div>\n\t\t\t\t\t\t\t\t\t\t\t\t\t\t<a class='uagb-timeline__image' href=\"https:\/\/www.photoclubsavenay.com\/blogWP\/seance-du-12-mai-2023\/\" target=\"_self\" rel=\"noopener noreferrer\"><img loading=\"lazy\" decoding=\"async\" width=\"150\" height=\"150\" src=\"https:\/\/www.photoclubsavenay.com\/blogWP\/wp-content\/uploads\/2022\/12\/Seances-150x150.png\" class=\"attachment-thumbnail size-thumbnail\" alt=\"\" srcset=\"https:\/\/www.photoclubsavenay.com\/blogWP\/wp-content\/uploads\/2022\/12\/Seances-150x150.png 150w, https:\/\/www.photoclubsavenay.com\/blogWP\/wp-content\/uploads\/2022\/12\/Seances-300x300.png 300w, https:\/\/www.photoclubsavenay.com\/blogWP\/wp-content\/uploads\/2022\/12\/Seances-1024x1024.png 1024w, https:\/\/www.photoclubsavenay.com\/blogWP\/wp-content\/uploads\/2022\/12\/Seances-768x768.png 768w, https:\/\/www.photoclubsavenay.com\/blogWP\/wp-content\/uploads\/2022\/12\/Seances.png 1080w\" sizes=\"(max-width: 150px) 100vw, 150px\" \/>\t\t\t\t<\/a>\n\t\t\t\t\t\t\t\t\t\t\t\t\t\t\t\t\t\t\t<h3 class=\"uagb-timeline__heading\" >\n\t\t\t\t\t<a href=\"https:\/\/www.photoclubsavenay.com\/blogWP\/seance-du-12-mai-2023\/\" target=\"_self\" rel=\"noopener noreferrer\">S\u00e9ance du 12 Mai 2023<\/a>\n\t\t\t\t<\/h3>\n\t\t\t\t\t\t\t\t\t\t\t<span class=\"dashicons-admin-users dashicons\"><\/span>\n\t\t\t\t<a class=\"uagb-timeline__author-link\" href=\"https:\/\/www.photoclubsavenay.com\/blogWP\/author\/nathalie-b\/\">Nathalie Bezier<\/a>\n\t\t\t\t\t\t\t<div class=\"uagb-timeline-desc-content\">\n\t\t\t\t<p>Compte-rendu de la s\u00e9ance du 12.05.2023Expo Savenay- Date butoir pour d\u00e9poser les photos \u00e0 imprimer&#8230;\t\t\t<\/div>\n\t\t\t\t\t\t<div class=\"uagb-timeline__link_parent wp-block-button\">\n\t\t\t\t<a class=\"uagb-timeline__link wp-block-button__link\" style=\"\" href=\"https:\/\/www.photoclubsavenay.com\/blogWP\/seance-du-12-mai-2023\/\" target=\"_self\" rel=\" noopener noreferrer\">Lire la suite<\/a>\n\t\t\t<\/div>\n\t\t\t\t\t\t\t\t\t\t\t<div class = \"uagb-timeline__arrow\"><\/div>\n\t\t\t\t\t\t<\/div>\n\t\t\t\t\t<\/div>\n\t\t\t\t\t\t\t\t\t\t\t\t\t\t<div datetime=\"2023-05-23T19:53:11+02:00\" class=\"uagb-timeline__date-new\">\n\t\t\t\tmai 23, 2023\t\t\t<\/div>\n\t\t\t\t\t\t\t\t\t\t\t<\/article>\n\t\t\t\t\t\t<article class = \"uagb-timeline__field  uagb-timeline__right\">\n\t\t\t\t\t\t\t\t<div class = \"uagb-timeline__marker uagb-timeline__out-view-icon\" >\n\t\t\t\t<span class = \"uagb-timeline__icon-new uagb-timeline__out-view-icon\" >\t\t\t\t<svg xmlns=\"https:\/\/www.w3.org\/2000\/svg\" viewBox= \"0 0 448 512\"><path d=\"M160 32V64H288V32C288 14.33 302.3 0 320 0C337.7 0 352 14.33 352 32V64H400C426.5 64 448 85.49 448 112V160H0V112C0 85.49 21.49 64 48 64H96V32C96 14.33 110.3 0 128 0C145.7 0 160 14.33 160 32zM0 192H448V464C448 490.5 426.5 512 400 512H48C21.49 512 0 490.5 0 464V192zM64 304C64 312.8 71.16 320 80 320H112C120.8 320 128 312.8 128 304V272C128 263.2 120.8 256 112 256H80C71.16 256 64 263.2 64 272V304zM192 304C192 312.8 199.2 320 208 320H240C248.8 320 256 312.8 256 304V272C256 263.2 248.8 256 240 256H208C199.2 256 192 263.2 192 272V304zM336 256C327.2 256 320 263.2 320 272V304C320 312.8 327.2 320 336 320H368C376.8 320 384 312.8 384 304V272C384 263.2 376.8 256 368 256H336zM64 432C64 440.8 71.16 448 80 448H112C120.8 448 128 440.8 128 432V400C128 391.2 120.8 384 112 384H80C71.16 384 64 391.2 64 400V432zM208 384C199.2 384 192 391.2 192 400V432C192 440.8 199.2 448 208 448H240C248.8 448 256 440.8 256 432V400C256 391.2 248.8 384 240 384H208zM320 432C320 440.8 327.2 448 336 448H368C376.8 448 384 440.8 384 432V400C384 391.2 376.8 384 368 384H336C327.2 384 320 391.2 320 400V432z\"><\/path><\/svg>\n\t\t\t\t<\/span>\n\t\t\t<\/div>\n\t\t\t\t\t\t\t\t<div class = \"uagb-timeline__day-new uagb-timeline__day-right uagb-timeline__events-inner-new\" >\n\t\t\t\t\t\t<div class=\"uagb-timeline__events-inner--content\">\n\t\t\t\t\t\t\t\t\t\t\t<div datetime=\"2023-05-10T18:19:08+02:00\" class=\"uagb-timeline__date-hide uagb-timeline__inner-date-new\">\n\t\t\t\tmai 10, 2023\t\t\t<\/div>\n\t\t\t\t\t\t\t\t\t\t\t\t\t\t<a class='uagb-timeline__image' href=\"https:\/\/www.photoclubsavenay.com\/blogWP\/seance-du-28-avril-2023\/\" target=\"_self\" rel=\"noopener noreferrer\"><img loading=\"lazy\" decoding=\"async\" width=\"150\" height=\"150\" src=\"https:\/\/www.photoclubsavenay.com\/blogWP\/wp-content\/uploads\/2022\/12\/Seances-150x150.png\" class=\"attachment-thumbnail size-thumbnail\" alt=\"\" srcset=\"https:\/\/www.photoclubsavenay.com\/blogWP\/wp-content\/uploads\/2022\/12\/Seances-150x150.png 150w, https:\/\/www.photoclubsavenay.com\/blogWP\/wp-content\/uploads\/2022\/12\/Seances-300x300.png 300w, https:\/\/www.photoclubsavenay.com\/blogWP\/wp-content\/uploads\/2022\/12\/Seances-1024x1024.png 1024w, https:\/\/www.photoclubsavenay.com\/blogWP\/wp-content\/uploads\/2022\/12\/Seances-768x768.png 768w, https:\/\/www.photoclubsavenay.com\/blogWP\/wp-content\/uploads\/2022\/12\/Seances.png 1080w\" sizes=\"(max-width: 150px) 100vw, 150px\" \/>\t\t\t\t<\/a>\n\t\t\t\t\t\t\t\t\t\t\t\t\t\t\t\t\t\t\t<h3 class=\"uagb-timeline__heading\" >\n\t\t\t\t\t<a href=\"https:\/\/www.photoclubsavenay.com\/blogWP\/seance-du-28-avril-2023\/\" target=\"_self\" rel=\"noopener noreferrer\">S\u00e9ance du 28 avril 2023<\/a>\n\t\t\t\t<\/h3>\n\t\t\t\t\t\t\t\t\t\t\t<span class=\"dashicons-admin-users dashicons\"><\/span>\n\t\t\t\t<a class=\"uagb-timeline__author-link\" href=\"https:\/\/www.photoclubsavenay.com\/blogWP\/author\/nathalie-b\/\">Nathalie Bezier<\/a>\n\t\t\t\t\t\t\t<div class=\"uagb-timeline-desc-content\">\n\t\t\t\t<p>Compte-rendu de la s\u00e9ance du 28.04.2023Expo de Savenay du 3 au 11 juin 2023- Confirmation&#8230;\t\t\t<\/div>\n\t\t\t\t\t\t<div class=\"uagb-timeline__link_parent wp-block-button\">\n\t\t\t\t<a class=\"uagb-timeline__link wp-block-button__link\" style=\"\" href=\"https:\/\/www.photoclubsavenay.com\/blogWP\/seance-du-28-avril-2023\/\" target=\"_self\" rel=\" noopener noreferrer\">Lire la suite<\/a>\n\t\t\t<\/div>\n\t\t\t\t\t\t\t\t\t\t\t<div class = \"uagb-timeline__arrow\"><\/div>\n\t\t\t\t\t\t<\/div>\n\t\t\t\t\t<\/div>\n\t\t\t\t\t\t\t\t\t\t\t\t\t\t<div datetime=\"2023-05-10T18:19:08+02:00\" class=\"uagb-timeline__date-new\">\n\t\t\t\tmai 10, 2023\t\t\t<\/div>\n\t\t\t\t\t\t\t\t\t\t\t<\/article>\n\t\t\t\t\t\t<article class = \"uagb-timeline__field  uagb-timeline__left\">\n\t\t\t\t\t\t\t\t<div class = \"uagb-timeline__marker uagb-timeline__out-view-icon\" >\n\t\t\t\t<span class = \"uagb-timeline__icon-new uagb-timeline__out-view-icon\" >\t\t\t\t<svg xmlns=\"https:\/\/www.w3.org\/2000\/svg\" viewBox= \"0 0 448 512\"><path d=\"M160 32V64H288V32C288 14.33 302.3 0 320 0C337.7 0 352 14.33 352 32V64H400C426.5 64 448 85.49 448 112V160H0V112C0 85.49 21.49 64 48 64H96V32C96 14.33 110.3 0 128 0C145.7 0 160 14.33 160 32zM0 192H448V464C448 490.5 426.5 512 400 512H48C21.49 512 0 490.5 0 464V192zM64 304C64 312.8 71.16 320 80 320H112C120.8 320 128 312.8 128 304V272C128 263.2 120.8 256 112 256H80C71.16 256 64 263.2 64 272V304zM192 304C192 312.8 199.2 320 208 320H240C248.8 320 256 312.8 256 304V272C256 263.2 248.8 256 240 256H208C199.2 256 192 263.2 192 272V304zM336 256C327.2 256 320 263.2 320 272V304C320 312.8 327.2 320 336 320H368C376.8 320 384 312.8 384 304V272C384 263.2 376.8 256 368 256H336zM64 432C64 440.8 71.16 448 80 448H112C120.8 448 128 440.8 128 432V400C128 391.2 120.8 384 112 384H80C71.16 384 64 391.2 64 400V432zM208 384C199.2 384 192 391.2 192 400V432C192 440.8 199.2 448 208 448H240C248.8 448 256 440.8 256 432V400C256 391.2 248.8 384 240 384H208zM320 432C320 440.8 327.2 448 336 448H368C376.8 448 384 440.8 384 432V400C384 391.2 376.8 384 368 384H336C327.2 384 320 391.2 320 400V432z\"><\/path><\/svg>\n\t\t\t\t<\/span>\n\t\t\t<\/div>\n\t\t\t\t\t\t\t\t<div class = \"uagb-timeline__day-new uagb-timeline__day-left uagb-timeline__events-inner-new\" >\n\t\t\t\t\t\t<div class=\"uagb-timeline__events-inner--content\">\n\t\t\t\t\t\t\t\t\t\t\t<div datetime=\"2023-04-24T19:04:14+02:00\" class=\"uagb-timeline__date-hide uagb-timeline__inner-date-new\">\n\t\t\t\tavril 24, 2023\t\t\t<\/div>\n\t\t\t\t\t\t\t\t\t\t\t\t\t\t<a class='uagb-timeline__image' href=\"https:\/\/www.photoclubsavenay.com\/blogWP\/seance-du-21-avril-2023\/\" target=\"_self\" rel=\"noopener noreferrer\"><img loading=\"lazy\" decoding=\"async\" width=\"150\" height=\"150\" src=\"https:\/\/www.photoclubsavenay.com\/blogWP\/wp-content\/uploads\/2022\/12\/Seances-150x150.png\" class=\"attachment-thumbnail size-thumbnail\" alt=\"\" srcset=\"https:\/\/www.photoclubsavenay.com\/blogWP\/wp-content\/uploads\/2022\/12\/Seances-150x150.png 150w, https:\/\/www.photoclubsavenay.com\/blogWP\/wp-content\/uploads\/2022\/12\/Seances-300x300.png 300w, https:\/\/www.photoclubsavenay.com\/blogWP\/wp-content\/uploads\/2022\/12\/Seances-1024x1024.png 1024w, https:\/\/www.photoclubsavenay.com\/blogWP\/wp-content\/uploads\/2022\/12\/Seances-768x768.png 768w, https:\/\/www.photoclubsavenay.com\/blogWP\/wp-content\/uploads\/2022\/12\/Seances.png 1080w\" sizes=\"(max-width: 150px) 100vw, 150px\" \/>\t\t\t\t<\/a>\n\t\t\t\t\t\t\t\t\t\t\t\t\t\t\t\t\t\t\t<h3 class=\"uagb-timeline__heading\" >\n\t\t\t\t\t<a href=\"https:\/\/www.photoclubsavenay.com\/blogWP\/seance-du-21-avril-2023\/\" target=\"_self\" rel=\"noopener noreferrer\">S\u00e9ance du 21 avril 2023<\/a>\n\t\t\t\t<\/h3>\n\t\t\t\t\t\t\t\t\t\t\t<span class=\"dashicons-admin-users dashicons\"><\/span>\n\t\t\t\t<a class=\"uagb-timeline__author-link\" href=\"https:\/\/www.photoclubsavenay.com\/blogWP\/author\/nathalie-b\/\">Nathalie Bezier<\/a>\n\t\t\t\t\t\t\t<div class=\"uagb-timeline-desc-content\">\n\t\t\t\t<p>Compte-rendu de la s\u00e9ance du 21.04.2023Pr\u00e9sents\u00a0: 19 personnesDemande de projet d\u2019expo- La M\u00e9diath\u00e8que de la&#8230;\t\t\t<\/div>\n\t\t\t\t\t\t<div class=\"uagb-timeline__link_parent wp-block-button\">\n\t\t\t\t<a class=\"uagb-timeline__link wp-block-button__link\" style=\"\" href=\"https:\/\/www.photoclubsavenay.com\/blogWP\/seance-du-21-avril-2023\/\" target=\"_self\" rel=\" noopener noreferrer\">Lire la suite<\/a>\n\t\t\t<\/div>\n\t\t\t\t\t\t\t\t\t\t\t<div class = \"uagb-timeline__arrow\"><\/div>\n\t\t\t\t\t\t<\/div>\n\t\t\t\t\t<\/div>\n\t\t\t\t\t\t\t\t\t\t\t\t\t\t<div datetime=\"2023-04-24T19:04:14+02:00\" class=\"uagb-timeline__date-new\">\n\t\t\t\tavril 24, 2023\t\t\t<\/div>\n\t\t\t\t\t\t\t\t\t\t\t<\/article>\n\t\t\t\t\t\t<article class = \"uagb-timeline__field  uagb-timeline__right\">\n\t\t\t\t\t\t\t\t<div class = \"uagb-timeline__marker uagb-timeline__out-view-icon\" >\n\t\t\t\t<span class = \"uagb-timeline__icon-new uagb-timeline__out-view-icon\" >\t\t\t\t<svg xmlns=\"https:\/\/www.w3.org\/2000\/svg\" viewBox= \"0 0 448 512\"><path d=\"M160 32V64H288V32C288 14.33 302.3 0 320 0C337.7 0 352 14.33 352 32V64H400C426.5 64 448 85.49 448 112V160H0V112C0 85.49 21.49 64 48 64H96V32C96 14.33 110.3 0 128 0C145.7 0 160 14.33 160 32zM0 192H448V464C448 490.5 426.5 512 400 512H48C21.49 512 0 490.5 0 464V192zM64 304C64 312.8 71.16 320 80 320H112C120.8 320 128 312.8 128 304V272C128 263.2 120.8 256 112 256H80C71.16 256 64 263.2 64 272V304zM192 304C192 312.8 199.2 320 208 320H240C248.8 320 256 312.8 256 304V272C256 263.2 248.8 256 240 256H208C199.2 256 192 263.2 192 272V304zM336 256C327.2 256 320 263.2 320 272V304C320 312.8 327.2 320 336 320H368C376.8 320 384 312.8 384 304V272C384 263.2 376.8 256 368 256H336zM64 432C64 440.8 71.16 448 80 448H112C120.8 448 128 440.8 128 432V400C128 391.2 120.8 384 112 384H80C71.16 384 64 391.2 64 400V432zM208 384C199.2 384 192 391.2 192 400V432C192 440.8 199.2 448 208 448H240C248.8 448 256 440.8 256 432V400C256 391.2 248.8 384 240 384H208zM320 432C320 440.8 327.2 448 336 448H368C376.8 448 384 440.8 384 432V400C384 391.2 376.8 384 368 384H336C327.2 384 320 391.2 320 400V432z\"><\/path><\/svg>\n\t\t\t\t<\/span>\n\t\t\t<\/div>\n\t\t\t\t\t\t\t\t<div class = \"uagb-timeline__day-new uagb-timeline__day-right uagb-timeline__events-inner-new\" >\n\t\t\t\t\t\t<div class=\"uagb-timeline__events-inner--content\">\n\t\t\t\t\t\t\t\t\t\t\t<div datetime=\"2023-03-26T19:49:34+02:00\" class=\"uagb-timeline__date-hide uagb-timeline__inner-date-new\">\n\t\t\t\tmars 26, 2023\t\t\t<\/div>\n\t\t\t\t\t\t\t\t\t\t\t\t\t\t<a class='uagb-timeline__image' href=\"https:\/\/www.photoclubsavenay.com\/blogWP\/seance-du-24-mars-2023\/\" target=\"_self\" rel=\"noopener noreferrer\"><img loading=\"lazy\" decoding=\"async\" width=\"150\" height=\"150\" src=\"https:\/\/www.photoclubsavenay.com\/blogWP\/wp-content\/uploads\/2022\/12\/Seances-150x150.png\" class=\"attachment-thumbnail size-thumbnail\" alt=\"\" srcset=\"https:\/\/www.photoclubsavenay.com\/blogWP\/wp-content\/uploads\/2022\/12\/Seances-150x150.png 150w, https:\/\/www.photoclubsavenay.com\/blogWP\/wp-content\/uploads\/2022\/12\/Seances-300x300.png 300w, https:\/\/www.photoclubsavenay.com\/blogWP\/wp-content\/uploads\/2022\/12\/Seances-1024x1024.png 1024w, https:\/\/www.photoclubsavenay.com\/blogWP\/wp-content\/uploads\/2022\/12\/Seances-768x768.png 768w, https:\/\/www.photoclubsavenay.com\/blogWP\/wp-content\/uploads\/2022\/12\/Seances.png 1080w\" sizes=\"(max-width: 150px) 100vw, 150px\" \/>\t\t\t\t<\/a>\n\t\t\t\t\t\t\t\t\t\t\t\t\t\t\t\t\t\t\t<h3 class=\"uagb-timeline__heading\" >\n\t\t\t\t\t<a href=\"https:\/\/www.photoclubsavenay.com\/blogWP\/seance-du-24-mars-2023\/\" target=\"_self\" rel=\"noopener noreferrer\">S\u00e9ance du 24 mars 2023<\/a>\n\t\t\t\t<\/h3>\n\t\t\t\t\t\t\t\t\t\t\t<span class=\"dashicons-admin-users dashicons\"><\/span>\n\t\t\t\t<a class=\"uagb-timeline__author-link\" href=\"https:\/\/www.photoclubsavenay.com\/blogWP\/author\/nathalie-b\/\">Nathalie Bezier<\/a>\n\t\t\t\t\t\t\t<div class=\"uagb-timeline-desc-content\">\n\t\t\t\t<p>Compte-rendu de la s\u00e9ance du 24.03.2023Pr\u00e9sents\u00a0: 15 personnesRetour sur l\u2019intervention de JC LEMEE- S\u00e9ance passionnante,&#8230;\t\t\t<\/div>\n\t\t\t\t\t\t<div class=\"uagb-timeline__link_parent wp-block-button\">\n\t\t\t\t<a class=\"uagb-timeline__link wp-block-button__link\" style=\"\" href=\"https:\/\/www.photoclubsavenay.com\/blogWP\/seance-du-24-mars-2023\/\" target=\"_self\" rel=\" noopener noreferrer\">Lire la suite<\/a>\n\t\t\t<\/div>\n\t\t\t\t\t\t\t\t\t\t\t<div class = \"uagb-timeline__arrow\"><\/div>\n\t\t\t\t\t\t<\/div>\n\t\t\t\t\t<\/div>\n\t\t\t\t\t\t\t\t\t\t\t\t\t\t<div datetime=\"2023-03-26T19:49:34+02:00\" class=\"uagb-timeline__date-new\">\n\t\t\t\tmars 26, 2023\t\t\t<\/div>\n\t\t\t\t\t\t\t\t\t\t\t<\/article>\n\t\t\t\t\t\t<article class = \"uagb-timeline__field  uagb-timeline__left\">\n\t\t\t\t\t\t\t\t<div class = \"uagb-timeline__marker uagb-timeline__out-view-icon\" >\n\t\t\t\t<span class = \"uagb-timeline__icon-new uagb-timeline__out-view-icon\" >\t\t\t\t<svg xmlns=\"https:\/\/www.w3.org\/2000\/svg\" viewBox= \"0 0 448 512\"><path d=\"M160 32V64H288V32C288 14.33 302.3 0 320 0C337.7 0 352 14.33 352 32V64H400C426.5 64 448 85.49 448 112V160H0V112C0 85.49 21.49 64 48 64H96V32C96 14.33 110.3 0 128 0C145.7 0 160 14.33 160 32zM0 192H448V464C448 490.5 426.5 512 400 512H48C21.49 512 0 490.5 0 464V192zM64 304C64 312.8 71.16 320 80 320H112C120.8 320 128 312.8 128 304V272C128 263.2 120.8 256 112 256H80C71.16 256 64 263.2 64 272V304zM192 304C192 312.8 199.2 320 208 320H240C248.8 320 256 312.8 256 304V272C256 263.2 248.8 256 240 256H208C199.2 256 192 263.2 192 272V304zM336 256C327.2 256 320 263.2 320 272V304C320 312.8 327.2 320 336 320H368C376.8 320 384 312.8 384 304V272C384 263.2 376.8 256 368 256H336zM64 432C64 440.8 71.16 448 80 448H112C120.8 448 128 440.8 128 432V400C128 391.2 120.8 384 112 384H80C71.16 384 64 391.2 64 400V432zM208 384C199.2 384 192 391.2 192 400V432C192 440.8 199.2 448 208 448H240C248.8 448 256 440.8 256 432V400C256 391.2 248.8 384 240 384H208zM320 432C320 440.8 327.2 448 336 448H368C376.8 448 384 440.8 384 432V400C384 391.2 376.8 384 368 384H336C327.2 384 320 391.2 320 400V432z\"><\/path><\/svg>\n\t\t\t\t<\/span>\n\t\t\t<\/div>\n\t\t\t\t\t\t\t\t<div class = \"uagb-timeline__day-new uagb-timeline__day-left uagb-timeline__events-inner-new\" >\n\t\t\t\t\t\t<div class=\"uagb-timeline__events-inner--content\">\n\t\t\t\t\t\t\t\t\t\t\t<div datetime=\"2023-03-06T19:57:25+01:00\" class=\"uagb-timeline__date-hide uagb-timeline__inner-date-new\">\n\t\t\t\tmars 6, 2023\t\t\t<\/div>\n\t\t\t\t\t\t\t\t\t\t\t\t\t\t<a class='uagb-timeline__image' href=\"https:\/\/www.photoclubsavenay.com\/blogWP\/presentation-auteur-du-03-mars-2023\/\" target=\"_self\" rel=\"noopener noreferrer\"><img loading=\"lazy\" decoding=\"async\" width=\"150\" height=\"150\" src=\"https:\/\/www.photoclubsavenay.com\/blogWP\/wp-content\/uploads\/2023\/03\/Capture-decran-2023-03-06-200716-150x150.jpg\" class=\"attachment-thumbnail size-thumbnail\" alt=\"\" srcset=\"https:\/\/www.photoclubsavenay.com\/blogWP\/wp-content\/uploads\/2023\/03\/Capture-decran-2023-03-06-200716-150x150.jpg 150w, https:\/\/www.photoclubsavenay.com\/blogWP\/wp-content\/uploads\/2023\/03\/Capture-decran-2023-03-06-200716-768x775.jpg 768w, https:\/\/www.photoclubsavenay.com\/blogWP\/wp-content\/uploads\/2023\/03\/Capture-decran-2023-03-06-200716.jpg 961w\" sizes=\"(max-width: 150px) 100vw, 150px\" \/>\t\t\t\t<\/a>\n\t\t\t\t\t\t\t\t\t\t\t\t\t\t\t\t\t\t\t<h3 class=\"uagb-timeline__heading\" >\n\t\t\t\t\t<a href=\"https:\/\/www.photoclubsavenay.com\/blogWP\/presentation-auteur-du-03-mars-2023\/\" target=\"_self\" rel=\"noopener noreferrer\">Pr\u00e9sentation auteur du 03 mars 2023<\/a>\n\t\t\t\t<\/h3>\n\t\t\t\t\t\t\t\t\t\t\t<span class=\"dashicons-admin-users dashicons\"><\/span>\n\t\t\t\t<a class=\"uagb-timeline__author-link\" href=\"https:\/\/www.photoclubsavenay.com\/blogWP\/author\/photoclubsavenay\/\">PhotoClub Savenay<\/a>\n\t\t\t\t\t\t\t<div class=\"uagb-timeline-desc-content\">\n\t\t\t\t<p>Voici la pr\u00e9sentation de Bernard DESCAMPS N\u00e9 le 16 janvier 1947Biologiste de formation, \u00e9tait enseignant&#8230;\t\t\t<\/div>\n\t\t\t\t\t\t<div class=\"uagb-timeline__link_parent wp-block-button\">\n\t\t\t\t<a class=\"uagb-timeline__link wp-block-button__link\" style=\"\" href=\"https:\/\/www.photoclubsavenay.com\/blogWP\/presentation-auteur-du-03-mars-2023\/\" target=\"_self\" rel=\" noopener noreferrer\">Lire la suite<\/a>\n\t\t\t<\/div>\n\t\t\t\t\t\t\t\t\t\t\t<div class = \"uagb-timeline__arrow\"><\/div>\n\t\t\t\t\t\t<\/div>\n\t\t\t\t\t<\/div>\n\t\t\t\t\t\t\t\t\t\t\t\t\t\t<div datetime=\"2023-03-06T19:57:25+01:00\" class=\"uagb-timeline__date-new\">\n\t\t\t\tmars 6, 2023\t\t\t<\/div>\n\t\t\t\t\t\t\t\t\t\t\t<\/article>\n\t\t\t\t\t\t<article class = \"uagb-timeline__field  uagb-timeline__right\">\n\t\t\t\t\t\t\t\t<div class = \"uagb-timeline__marker uagb-timeline__out-view-icon\" >\n\t\t\t\t<span class = \"uagb-timeline__icon-new uagb-timeline__out-view-icon\" >\t\t\t\t<svg xmlns=\"https:\/\/www.w3.org\/2000\/svg\" viewBox= \"0 0 448 512\"><path d=\"M160 32V64H288V32C288 14.33 302.3 0 320 0C337.7 0 352 14.33 352 32V64H400C426.5 64 448 85.49 448 112V160H0V112C0 85.49 21.49 64 48 64H96V32C96 14.33 110.3 0 128 0C145.7 0 160 14.33 160 32zM0 192H448V464C448 490.5 426.5 512 400 512H48C21.49 512 0 490.5 0 464V192zM64 304C64 312.8 71.16 320 80 320H112C120.8 320 128 312.8 128 304V272C128 263.2 120.8 256 112 256H80C71.16 256 64 263.2 64 272V304zM192 304C192 312.8 199.2 320 208 320H240C248.8 320 256 312.8 256 304V272C256 263.2 248.8 256 240 256H208C199.2 256 192 263.2 192 272V304zM336 256C327.2 256 320 263.2 320 272V304C320 312.8 327.2 320 336 320H368C376.8 320 384 312.8 384 304V272C384 263.2 376.8 256 368 256H336zM64 432C64 440.8 71.16 448 80 448H112C120.8 448 128 440.8 128 432V400C128 391.2 120.8 384 112 384H80C71.16 384 64 391.2 64 400V432zM208 384C199.2 384 192 391.2 192 400V432C192 440.8 199.2 448 208 448H240C248.8 448 256 440.8 256 432V400C256 391.2 248.8 384 240 384H208zM320 432C320 440.8 327.2 448 336 448H368C376.8 448 384 440.8 384 432V400C384 391.2 376.8 384 368 384H336C327.2 384 320 391.2 320 400V432z\"><\/path><\/svg>\n\t\t\t\t<\/span>\n\t\t\t<\/div>\n\t\t\t\t\t\t\t\t<div class = \"uagb-timeline__day-new uagb-timeline__day-right uagb-timeline__events-inner-new\" >\n\t\t\t\t\t\t<div class=\"uagb-timeline__events-inner--content\">\n\t\t\t\t\t\t\t\t\t\t\t<div datetime=\"2023-03-06T17:43:12+01:00\" class=\"uagb-timeline__date-hide uagb-timeline__inner-date-new\">\n\t\t\t\tmars 6, 2023\t\t\t<\/div>\n\t\t\t\t\t\t\t\t\t\t\t\t\t\t<a class='uagb-timeline__image' href=\"https:\/\/www.photoclubsavenay.com\/blogWP\/seance-du-3-mars-2023\/\" target=\"_self\" rel=\"noopener noreferrer\"><img loading=\"lazy\" decoding=\"async\" width=\"150\" height=\"150\" src=\"https:\/\/www.photoclubsavenay.com\/blogWP\/wp-content\/uploads\/2022\/12\/Seances-150x150.png\" class=\"attachment-thumbnail size-thumbnail\" alt=\"\" srcset=\"https:\/\/www.photoclubsavenay.com\/blogWP\/wp-content\/uploads\/2022\/12\/Seances-150x150.png 150w, https:\/\/www.photoclubsavenay.com\/blogWP\/wp-content\/uploads\/2022\/12\/Seances-300x300.png 300w, https:\/\/www.photoclubsavenay.com\/blogWP\/wp-content\/uploads\/2022\/12\/Seances-1024x1024.png 1024w, https:\/\/www.photoclubsavenay.com\/blogWP\/wp-content\/uploads\/2022\/12\/Seances-768x768.png 768w, https:\/\/www.photoclubsavenay.com\/blogWP\/wp-content\/uploads\/2022\/12\/Seances.png 1080w\" sizes=\"(max-width: 150px) 100vw, 150px\" \/>\t\t\t\t<\/a>\n\t\t\t\t\t\t\t\t\t\t\t\t\t\t\t\t\t\t\t<h3 class=\"uagb-timeline__heading\" >\n\t\t\t\t\t<a href=\"https:\/\/www.photoclubsavenay.com\/blogWP\/seance-du-3-mars-2023\/\" target=\"_self\" rel=\"noopener noreferrer\">S\u00e9ance du 3 mars 2023<\/a>\n\t\t\t\t<\/h3>\n\t\t\t\t\t\t\t\t\t\t\t<span class=\"dashicons-admin-users dashicons\"><\/span>\n\t\t\t\t<a class=\"uagb-timeline__author-link\" href=\"https:\/\/www.photoclubsavenay.com\/blogWP\/author\/nathalie-b\/\">Nathalie Bezier<\/a>\n\t\t\t\t\t\t\t<div class=\"uagb-timeline-desc-content\">\n\t\t\t\t<p>Compte-rendu de la s\u00e9ance du 03.03.2023Pr\u00e9sents\u00a0: 25 personnesExpo de Campbon du 8 au 16 avril&#8230;\t\t\t<\/div>\n\t\t\t\t\t\t<div class=\"uagb-timeline__link_parent wp-block-button\">\n\t\t\t\t<a class=\"uagb-timeline__link wp-block-button__link\" style=\"\" href=\"https:\/\/www.photoclubsavenay.com\/blogWP\/seance-du-3-mars-2023\/\" target=\"_self\" rel=\" noopener noreferrer\">Lire la suite<\/a>\n\t\t\t<\/div>\n\t\t\t\t\t\t\t\t\t\t\t<div class = \"uagb-timeline__arrow\"><\/div>\n\t\t\t\t\t\t<\/div>\n\t\t\t\t\t<\/div>\n\t\t\t\t\t\t\t\t\t\t\t\t\t\t<div datetime=\"2023-03-06T17:43:12+01:00\" class=\"uagb-timeline__date-new\">\n\t\t\t\tmars 6, 2023\t\t\t<\/div>\n\t\t\t\t\t\t\t\t\t\t\t<\/article>\n\t\t\t\t\t\t<article class = \"uagb-timeline__field  uagb-timeline__left\">\n\t\t\t\t\t\t\t\t<div class = \"uagb-timeline__marker uagb-timeline__out-view-icon\" >\n\t\t\t\t<span class = \"uagb-timeline__icon-new uagb-timeline__out-view-icon\" >\t\t\t\t<svg xmlns=\"https:\/\/www.w3.org\/2000\/svg\" viewBox= \"0 0 448 512\"><path d=\"M160 32V64H288V32C288 14.33 302.3 0 320 0C337.7 0 352 14.33 352 32V64H400C426.5 64 448 85.49 448 112V160H0V112C0 85.49 21.49 64 48 64H96V32C96 14.33 110.3 0 128 0C145.7 0 160 14.33 160 32zM0 192H448V464C448 490.5 426.5 512 400 512H48C21.49 512 0 490.5 0 464V192zM64 304C64 312.8 71.16 320 80 320H112C120.8 320 128 312.8 128 304V272C128 263.2 120.8 256 112 256H80C71.16 256 64 263.2 64 272V304zM192 304C192 312.8 199.2 320 208 320H240C248.8 320 256 312.8 256 304V272C256 263.2 248.8 256 240 256H208C199.2 256 192 263.2 192 272V304zM336 256C327.2 256 320 263.2 320 272V304C320 312.8 327.2 320 336 320H368C376.8 320 384 312.8 384 304V272C384 263.2 376.8 256 368 256H336zM64 432C64 440.8 71.16 448 80 448H112C120.8 448 128 440.8 128 432V400C128 391.2 120.8 384 112 384H80C71.16 384 64 391.2 64 400V432zM208 384C199.2 384 192 391.2 192 400V432C192 440.8 199.2 448 208 448H240C248.8 448 256 440.8 256 432V400C256 391.2 248.8 384 240 384H208zM320 432C320 440.8 327.2 448 336 448H368C376.8 448 384 440.8 384 432V400C384 391.2 376.8 384 368 384H336C327.2 384 320 391.2 320 400V432z\"><\/path><\/svg>\n\t\t\t\t<\/span>\n\t\t\t<\/div>\n\t\t\t\t\t\t\t\t<div class = \"uagb-timeline__day-new uagb-timeline__day-left uagb-timeline__events-inner-new\" >\n\t\t\t\t\t\t<div class=\"uagb-timeline__events-inner--content\">\n\t\t\t\t\t\t\t\t\t\t\t<div datetime=\"2023-03-06T15:16:13+01:00\" class=\"uagb-timeline__date-hide uagb-timeline__inner-date-new\">\n\t\t\t\tmars 6, 2023\t\t\t<\/div>\n\t\t\t\t\t\t\t\t\t\t\t\t\t\t<a class='uagb-timeline__image' href=\"https:\/\/www.photoclubsavenay.com\/blogWP\/presentation-auteur-du-20-fevrier-2023\/\" target=\"_self\" rel=\"noopener noreferrer\"><img loading=\"lazy\" decoding=\"async\" width=\"150\" height=\"110\" src=\"https:\/\/www.photoclubsavenay.com\/blogWP\/wp-content\/uploads\/2023\/03\/Image2-1-150x110.jpg\" class=\"attachment-thumbnail size-thumbnail\" alt=\"\" srcset=\"https:\/\/www.photoclubsavenay.com\/blogWP\/wp-content\/uploads\/2023\/03\/Image2-1-150x110.jpg 150w, https:\/\/www.photoclubsavenay.com\/blogWP\/wp-content\/uploads\/2023\/03\/Image2-1-300x220.jpg 300w, https:\/\/www.photoclubsavenay.com\/blogWP\/wp-content\/uploads\/2023\/03\/Image2-1-1024x752.jpg 1024w, https:\/\/www.photoclubsavenay.com\/blogWP\/wp-content\/uploads\/2023\/03\/Image2-1-768x564.jpg 768w, https:\/\/www.photoclubsavenay.com\/blogWP\/wp-content\/uploads\/2023\/03\/Image2-1.jpg 1289w\" sizes=\"(max-width: 150px) 100vw, 150px\" \/>\t\t\t\t<\/a>\n\t\t\t\t\t\t\t\t\t\t\t\t\t\t\t\t\t\t\t<h3 class=\"uagb-timeline__heading\" >\n\t\t\t\t\t<a href=\"https:\/\/www.photoclubsavenay.com\/blogWP\/presentation-auteur-du-20-fevrier-2023\/\" target=\"_self\" rel=\"noopener noreferrer\">Pr\u00e9sentation auteur du 20 f\u00e9vrier 2023<\/a>\n\t\t\t\t<\/h3>\n\t\t\t\t\t\t\t\t\t\t\t<span class=\"dashicons-admin-users dashicons\"><\/span>\n\t\t\t\t<a class=\"uagb-timeline__author-link\" href=\"https:\/\/www.photoclubsavenay.com\/blogWP\/author\/photoclubsavenay\/\">PhotoClub Savenay<\/a>\n\t\t\t\t\t\t\t<div class=\"uagb-timeline-desc-content\">\n\t\t\t\t<p>Voici la pr\u00e9sentation de ALIX CLEO ROUBAUD19 janvier 1952 &#8211; 28 janvier 1983Un Souffle Court,&#8230;\t\t\t<\/div>\n\t\t\t\t\t\t<div class=\"uagb-timeline__link_parent wp-block-button\">\n\t\t\t\t<a class=\"uagb-timeline__link wp-block-button__link\" style=\"\" href=\"https:\/\/www.photoclubsavenay.com\/blogWP\/presentation-auteur-du-20-fevrier-2023\/\" target=\"_self\" rel=\" noopener noreferrer\">Lire la suite<\/a>\n\t\t\t<\/div>\n\t\t\t\t\t\t\t\t\t\t\t<div class = \"uagb-timeline__arrow\"><\/div>\n\t\t\t\t\t\t<\/div>\n\t\t\t\t\t<\/div>\n\t\t\t\t\t\t\t\t\t\t\t\t\t\t<div datetime=\"2023-03-06T15:16:13+01:00\" class=\"uagb-timeline__date-new\">\n\t\t\t\tmars 6, 2023\t\t\t<\/div>\n\t\t\t\t\t\t\t\t\t\t\t<\/article>\n\t\t\t\t\t\t<article class = \"uagb-timeline__field  uagb-timeline__right\">\n\t\t\t\t\t\t\t\t<div class = \"uagb-timeline__marker uagb-timeline__out-view-icon\" >\n\t\t\t\t<span class = \"uagb-timeline__icon-new uagb-timeline__out-view-icon\" >\t\t\t\t<svg xmlns=\"https:\/\/www.w3.org\/2000\/svg\" viewBox= \"0 0 448 512\"><path d=\"M160 32V64H288V32C288 14.33 302.3 0 320 0C337.7 0 352 14.33 352 32V64H400C426.5 64 448 85.49 448 112V160H0V112C0 85.49 21.49 64 48 64H96V32C96 14.33 110.3 0 128 0C145.7 0 160 14.33 160 32zM0 192H448V464C448 490.5 426.5 512 400 512H48C21.49 512 0 490.5 0 464V192zM64 304C64 312.8 71.16 320 80 320H112C120.8 320 128 312.8 128 304V272C128 263.2 120.8 256 112 256H80C71.16 256 64 263.2 64 272V304zM192 304C192 312.8 199.2 320 208 320H240C248.8 320 256 312.8 256 304V272C256 263.2 248.8 256 240 256H208C199.2 256 192 263.2 192 272V304zM336 256C327.2 256 320 263.2 320 272V304C320 312.8 327.2 320 336 320H368C376.8 320 384 312.8 384 304V272C384 263.2 376.8 256 368 256H336zM64 432C64 440.8 71.16 448 80 448H112C120.8 448 128 440.8 128 432V400C128 391.2 120.8 384 112 384H80C71.16 384 64 391.2 64 400V432zM208 384C199.2 384 192 391.2 192 400V432C192 440.8 199.2 448 208 448H240C248.8 448 256 440.8 256 432V400C256 391.2 248.8 384 240 384H208zM320 432C320 440.8 327.2 448 336 448H368C376.8 448 384 440.8 384 432V400C384 391.2 376.8 384 368 384H336C327.2 384 320 391.2 320 400V432z\"><\/path><\/svg>\n\t\t\t\t<\/span>\n\t\t\t<\/div>\n\t\t\t\t\t\t\t\t<div class = \"uagb-timeline__day-new uagb-timeline__day-right uagb-timeline__events-inner-new\" >\n\t\t\t\t\t\t<div class=\"uagb-timeline__events-inner--content\">\n\t\t\t\t\t\t\t\t\t\t\t<div datetime=\"2023-02-28T18:07:42+01:00\" class=\"uagb-timeline__date-hide uagb-timeline__inner-date-new\">\n\t\t\t\tf\u00e9vrier 28, 2023\t\t\t<\/div>\n\t\t\t\t\t\t\t\t\t\t\t\t\t\t<a class='uagb-timeline__image' href=\"https:\/\/www.photoclubsavenay.com\/blogWP\/seance-du-24-fevrier-2023\/\" target=\"_self\" rel=\"noopener noreferrer\"><img loading=\"lazy\" decoding=\"async\" width=\"150\" height=\"150\" src=\"https:\/\/www.photoclubsavenay.com\/blogWP\/wp-content\/uploads\/2022\/12\/Seances-150x150.png\" class=\"attachment-thumbnail size-thumbnail\" alt=\"\" srcset=\"https:\/\/www.photoclubsavenay.com\/blogWP\/wp-content\/uploads\/2022\/12\/Seances-150x150.png 150w, https:\/\/www.photoclubsavenay.com\/blogWP\/wp-content\/uploads\/2022\/12\/Seances-300x300.png 300w, https:\/\/www.photoclubsavenay.com\/blogWP\/wp-content\/uploads\/2022\/12\/Seances-1024x1024.png 1024w, https:\/\/www.photoclubsavenay.com\/blogWP\/wp-content\/uploads\/2022\/12\/Seances-768x768.png 768w, https:\/\/www.photoclubsavenay.com\/blogWP\/wp-content\/uploads\/2022\/12\/Seances.png 1080w\" sizes=\"(max-width: 150px) 100vw, 150px\" \/>\t\t\t\t<\/a>\n\t\t\t\t\t\t\t\t\t\t\t\t\t\t\t\t\t\t\t<h3 class=\"uagb-timeline__heading\" >\n\t\t\t\t\t<a href=\"https:\/\/www.photoclubsavenay.com\/blogWP\/seance-du-24-fevrier-2023\/\" target=\"_self\" rel=\"noopener noreferrer\">S\u00e9ance du 24 f\u00e9vrier 2023<\/a>\n\t\t\t\t<\/h3>\n\t\t\t\t\t\t\t\t\t\t\t<span class=\"dashicons-admin-users dashicons\"><\/span>\n\t\t\t\t<a class=\"uagb-timeline__author-link\" href=\"https:\/\/www.photoclubsavenay.com\/blogWP\/author\/nathalie-b\/\">Nathalie Bezier<\/a>\n\t\t\t\t\t\t\t<div class=\"uagb-timeline-desc-content\">\n\t\t\t\t<p>Compte-rendu de la s\u00e9ance du 24.02.2023- Pr\u00e9sents&nbsp;: 25 personnesPr\u00e9sentation des commentaires des s\u00e9ries LAP- les&#8230;\t\t\t<\/div>\n\t\t\t\t\t\t<div class=\"uagb-timeline__link_parent wp-block-button\">\n\t\t\t\t<a class=\"uagb-timeline__link wp-block-button__link\" style=\"\" href=\"https:\/\/www.photoclubsavenay.com\/blogWP\/seance-du-24-fevrier-2023\/\" target=\"_self\" rel=\" noopener noreferrer\">Lire la suite<\/a>\n\t\t\t<\/div>\n\t\t\t\t\t\t\t\t\t\t\t<div class = \"uagb-timeline__arrow\"><\/div>\n\t\t\t\t\t\t<\/div>\n\t\t\t\t\t<\/div>\n\t\t\t\t\t\t\t\t\t\t\t\t\t\t<div datetime=\"2023-02-28T18:07:42+01:00\" class=\"uagb-timeline__date-new\">\n\t\t\t\tf\u00e9vrier 28, 2023\t\t\t<\/div>\n\t\t\t\t\t\t\t\t\t\t\t<\/article>\n\t\t\t\t\t\t<article class = \"uagb-timeline__field  uagb-timeline__left\">\n\t\t\t\t\t\t\t\t<div class = \"uagb-timeline__marker uagb-timeline__out-view-icon\" >\n\t\t\t\t<span class = \"uagb-timeline__icon-new uagb-timeline__out-view-icon\" >\t\t\t\t<svg xmlns=\"https:\/\/www.w3.org\/2000\/svg\" viewBox= \"0 0 448 512\"><path d=\"M160 32V64H288V32C288 14.33 302.3 0 320 0C337.7 0 352 14.33 352 32V64H400C426.5 64 448 85.49 448 112V160H0V112C0 85.49 21.49 64 48 64H96V32C96 14.33 110.3 0 128 0C145.7 0 160 14.33 160 32zM0 192H448V464C448 490.5 426.5 512 400 512H48C21.49 512 0 490.5 0 464V192zM64 304C64 312.8 71.16 320 80 320H112C120.8 320 128 312.8 128 304V272C128 263.2 120.8 256 112 256H80C71.16 256 64 263.2 64 272V304zM192 304C192 312.8 199.2 320 208 320H240C248.8 320 256 312.8 256 304V272C256 263.2 248.8 256 240 256H208C199.2 256 192 263.2 192 272V304zM336 256C327.2 256 320 263.2 320 272V304C320 312.8 327.2 320 336 320H368C376.8 320 384 312.8 384 304V272C384 263.2 376.8 256 368 256H336zM64 432C64 440.8 71.16 448 80 448H112C120.8 448 128 440.8 128 432V400C128 391.2 120.8 384 112 384H80C71.16 384 64 391.2 64 400V432zM208 384C199.2 384 192 391.2 192 400V432C192 440.8 199.2 448 208 448H240C248.8 448 256 440.8 256 432V400C256 391.2 248.8 384 240 384H208zM320 432C320 440.8 327.2 448 336 448H368C376.8 448 384 440.8 384 432V400C384 391.2 376.8 384 368 384H336C327.2 384 320 391.2 320 400V432z\"><\/path><\/svg>\n\t\t\t\t<\/span>\n\t\t\t<\/div>\n\t\t\t\t\t\t\t\t<div class = \"uagb-timeline__day-new uagb-timeline__day-left uagb-timeline__events-inner-new\" >\n\t\t\t\t\t\t<div class=\"uagb-timeline__events-inner--content\">\n\t\t\t\t\t\t\t\t\t\t\t<div datetime=\"2023-02-19T18:09:02+01:00\" class=\"uagb-timeline__date-hide uagb-timeline__inner-date-new\">\n\t\t\t\tf\u00e9vrier 19, 2023\t\t\t<\/div>\n\t\t\t\t\t\t\t\t\t\t\t\t\t\t<a class='uagb-timeline__image' href=\"https:\/\/www.photoclubsavenay.com\/blogWP\/seance-du-17-fevrier-2023\/\" target=\"_self\" rel=\"noopener noreferrer\"><img loading=\"lazy\" decoding=\"async\" width=\"150\" height=\"150\" src=\"https:\/\/www.photoclubsavenay.com\/blogWP\/wp-content\/uploads\/2022\/12\/Seances-150x150.png\" class=\"attachment-thumbnail size-thumbnail\" alt=\"\" srcset=\"https:\/\/www.photoclubsavenay.com\/blogWP\/wp-content\/uploads\/2022\/12\/Seances-150x150.png 150w, https:\/\/www.photoclubsavenay.com\/blogWP\/wp-content\/uploads\/2022\/12\/Seances-300x300.png 300w, https:\/\/www.photoclubsavenay.com\/blogWP\/wp-content\/uploads\/2022\/12\/Seances-1024x1024.png 1024w, https:\/\/www.photoclubsavenay.com\/blogWP\/wp-content\/uploads\/2022\/12\/Seances-768x768.png 768w, https:\/\/www.photoclubsavenay.com\/blogWP\/wp-content\/uploads\/2022\/12\/Seances.png 1080w\" sizes=\"(max-width: 150px) 100vw, 150px\" \/>\t\t\t\t<\/a>\n\t\t\t\t\t\t\t\t\t\t\t\t\t\t\t\t\t\t\t<h3 class=\"uagb-timeline__heading\" >\n\t\t\t\t\t<a href=\"https:\/\/www.photoclubsavenay.com\/blogWP\/seance-du-17-fevrier-2023\/\" target=\"_self\" rel=\"noopener noreferrer\">S\u00e9ance du 17 f\u00e9vrier 2023<\/a>\n\t\t\t\t<\/h3>\n\t\t\t\t\t\t\t\t\t\t\t<span class=\"dashicons-admin-users dashicons\"><\/span>\n\t\t\t\t<a class=\"uagb-timeline__author-link\" href=\"https:\/\/www.photoclubsavenay.com\/blogWP\/author\/nathalie-b\/\">Nathalie Bezier<\/a>\n\t\t\t\t\t\t\t<div class=\"uagb-timeline-desc-content\">\n\t\t\t\t<p>Compte-rendu de la s\u00e9ance du 17.02.2023Pr\u00e9sents\u00a0: 17 personnesPr\u00e9sentation du site internet du club, par Nathalie&#8230;\t\t\t<\/div>\n\t\t\t\t\t\t<div class=\"uagb-timeline__link_parent wp-block-button\">\n\t\t\t\t<a class=\"uagb-timeline__link wp-block-button__link\" style=\"\" href=\"https:\/\/www.photoclubsavenay.com\/blogWP\/seance-du-17-fevrier-2023\/\" target=\"_self\" rel=\" noopener noreferrer\">Lire la suite<\/a>\n\t\t\t<\/div>\n\t\t\t\t\t\t\t\t\t\t\t<div class = \"uagb-timeline__arrow\"><\/div>\n\t\t\t\t\t\t<\/div>\n\t\t\t\t\t<\/div>\n\t\t\t\t\t\t\t\t\t\t\t\t\t\t<div datetime=\"2023-02-19T18:09:02+01:00\" class=\"uagb-timeline__date-new\">\n\t\t\t\tf\u00e9vrier 19, 2023\t\t\t<\/div>\n\t\t\t\t\t\t\t\t\t\t\t<\/article>\n\t\t\t\t\t\t<article class = \"uagb-timeline__field  uagb-timeline__right\">\n\t\t\t\t\t\t\t\t<div class = \"uagb-timeline__marker uagb-timeline__out-view-icon\" >\n\t\t\t\t<span class = \"uagb-timeline__icon-new uagb-timeline__out-view-icon\" >\t\t\t\t<svg xmlns=\"https:\/\/www.w3.org\/2000\/svg\" viewBox= \"0 0 448 512\"><path d=\"M160 32V64H288V32C288 14.33 302.3 0 320 0C337.7 0 352 14.33 352 32V64H400C426.5 64 448 85.49 448 112V160H0V112C0 85.49 21.49 64 48 64H96V32C96 14.33 110.3 0 128 0C145.7 0 160 14.33 160 32zM0 192H448V464C448 490.5 426.5 512 400 512H48C21.49 512 0 490.5 0 464V192zM64 304C64 312.8 71.16 320 80 320H112C120.8 320 128 312.8 128 304V272C128 263.2 120.8 256 112 256H80C71.16 256 64 263.2 64 272V304zM192 304C192 312.8 199.2 320 208 320H240C248.8 320 256 312.8 256 304V272C256 263.2 248.8 256 240 256H208C199.2 256 192 263.2 192 272V304zM336 256C327.2 256 320 263.2 320 272V304C320 312.8 327.2 320 336 320H368C376.8 320 384 312.8 384 304V272C384 263.2 376.8 256 368 256H336zM64 432C64 440.8 71.16 448 80 448H112C120.8 448 128 440.8 128 432V400C128 391.2 120.8 384 112 384H80C71.16 384 64 391.2 64 400V432zM208 384C199.2 384 192 391.2 192 400V432C192 440.8 199.2 448 208 448H240C248.8 448 256 440.8 256 432V400C256 391.2 248.8 384 240 384H208zM320 432C320 440.8 327.2 448 336 448H368C376.8 448 384 440.8 384 432V400C384 391.2 376.8 384 368 384H336C327.2 384 320 391.2 320 400V432z\"><\/path><\/svg>\n\t\t\t\t<\/span>\n\t\t\t<\/div>\n\t\t\t\t\t\t\t\t<div class = \"uagb-timeline__day-new uagb-timeline__day-right uagb-timeline__events-inner-new\" >\n\t\t\t\t\t\t<div class=\"uagb-timeline__events-inner--content\">\n\t\t\t\t\t\t\t\t\t\t\t<div datetime=\"2023-02-14T13:34:45+01:00\" class=\"uagb-timeline__date-hide uagb-timeline__inner-date-new\">\n\t\t\t\tf\u00e9vrier 14, 2023\t\t\t<\/div>\n\t\t\t\t\t\t\t\t\t\t\t\t\t\t<a class='uagb-timeline__image' href=\"https:\/\/www.photoclubsavenay.com\/blogWP\/seance-du-03-fevrier-2023\/\" target=\"_self\" rel=\"noopener noreferrer\"><img loading=\"lazy\" decoding=\"async\" width=\"150\" height=\"150\" src=\"https:\/\/www.photoclubsavenay.com\/blogWP\/wp-content\/uploads\/2022\/12\/Seances-150x150.png\" class=\"attachment-thumbnail size-thumbnail\" alt=\"\" srcset=\"https:\/\/www.photoclubsavenay.com\/blogWP\/wp-content\/uploads\/2022\/12\/Seances-150x150.png 150w, https:\/\/www.photoclubsavenay.com\/blogWP\/wp-content\/uploads\/2022\/12\/Seances-300x300.png 300w, https:\/\/www.photoclubsavenay.com\/blogWP\/wp-content\/uploads\/2022\/12\/Seances-1024x1024.png 1024w, https:\/\/www.photoclubsavenay.com\/blogWP\/wp-content\/uploads\/2022\/12\/Seances-768x768.png 768w, https:\/\/www.photoclubsavenay.com\/blogWP\/wp-content\/uploads\/2022\/12\/Seances.png 1080w\" sizes=\"(max-width: 150px) 100vw, 150px\" \/>\t\t\t\t<\/a>\n\t\t\t\t\t\t\t\t\t\t\t\t\t\t\t\t\t\t\t<h3 class=\"uagb-timeline__heading\" >\n\t\t\t\t\t<a href=\"https:\/\/www.photoclubsavenay.com\/blogWP\/seance-du-03-fevrier-2023\/\" target=\"_self\" rel=\"noopener noreferrer\">S\u00e9ance du 03 f\u00e9vrier 2023<\/a>\n\t\t\t\t<\/h3>\n\t\t\t\t\t\t\t\t\t\t\t<span class=\"dashicons-admin-users dashicons\"><\/span>\n\t\t\t\t<a class=\"uagb-timeline__author-link\" href=\"https:\/\/www.photoclubsavenay.com\/blogWP\/author\/photoclubsavenay\/\">PhotoClub Savenay<\/a>\n\t\t\t\t\t\t\t<div class=\"uagb-timeline-desc-content\">\n\t\t\t\t<p>Voici le compte-rendu de la s\u00e9ance du 3 f\u00e9vrier 2023,Pr\u00e9sents&nbsp;: 20 personnesIntervenants s\u00e9ances du club&#8230;\t\t\t<\/div>\n\t\t\t\t\t\t<div class=\"uagb-timeline__link_parent wp-block-button\">\n\t\t\t\t<a class=\"uagb-timeline__link wp-block-button__link\" style=\"\" href=\"https:\/\/www.photoclubsavenay.com\/blogWP\/seance-du-03-fevrier-2023\/\" target=\"_self\" rel=\" noopener noreferrer\">Lire la suite<\/a>\n\t\t\t<\/div>\n\t\t\t\t\t\t\t\t\t\t\t<div class = \"uagb-timeline__arrow\"><\/div>\n\t\t\t\t\t\t<\/div>\n\t\t\t\t\t<\/div>\n\t\t\t\t\t\t\t\t\t\t\t\t\t\t<div datetime=\"2023-02-14T13:34:45+01:00\" class=\"uagb-timeline__date-new\">\n\t\t\t\tf\u00e9vrier 14, 2023\t\t\t<\/div>\n\t\t\t\t\t\t\t\t\t\t\t<\/article>\n\t\t\t\t\t\t<article class = \"uagb-timeline__field  uagb-timeline__left\">\n\t\t\t\t\t\t\t\t<div class = \"uagb-timeline__marker uagb-timeline__out-view-icon\" >\n\t\t\t\t<span class = \"uagb-timeline__icon-new uagb-timeline__out-view-icon\" >\t\t\t\t<svg xmlns=\"https:\/\/www.w3.org\/2000\/svg\" viewBox= \"0 0 448 512\"><path d=\"M160 32V64H288V32C288 14.33 302.3 0 320 0C337.7 0 352 14.33 352 32V64H400C426.5 64 448 85.49 448 112V160H0V112C0 85.49 21.49 64 48 64H96V32C96 14.33 110.3 0 128 0C145.7 0 160 14.33 160 32zM0 192H448V464C448 490.5 426.5 512 400 512H48C21.49 512 0 490.5 0 464V192zM64 304C64 312.8 71.16 320 80 320H112C120.8 320 128 312.8 128 304V272C128 263.2 120.8 256 112 256H80C71.16 256 64 263.2 64 272V304zM192 304C192 312.8 199.2 320 208 320H240C248.8 320 256 312.8 256 304V272C256 263.2 248.8 256 240 256H208C199.2 256 192 263.2 192 272V304zM336 256C327.2 256 320 263.2 320 272V304C320 312.8 327.2 320 336 320H368C376.8 320 384 312.8 384 304V272C384 263.2 376.8 256 368 256H336zM64 432C64 440.8 71.16 448 80 448H112C120.8 448 128 440.8 128 432V400C128 391.2 120.8 384 112 384H80C71.16 384 64 391.2 64 400V432zM208 384C199.2 384 192 391.2 192 400V432C192 440.8 199.2 448 208 448H240C248.8 448 256 440.8 256 432V400C256 391.2 248.8 384 240 384H208zM320 432C320 440.8 327.2 448 336 448H368C376.8 448 384 440.8 384 432V400C384 391.2 376.8 384 368 384H336C327.2 384 320 391.2 320 400V432z\"><\/path><\/svg>\n\t\t\t\t<\/span>\n\t\t\t<\/div>\n\t\t\t\t\t\t\t\t<div class = \"uagb-timeline__day-new uagb-timeline__day-left uagb-timeline__events-inner-new\" >\n\t\t\t\t\t\t<div class=\"uagb-timeline__events-inner--content\">\n\t\t\t\t\t\t\t\t\t\t\t<div datetime=\"2023-01-28T18:50:15+01:00\" class=\"uagb-timeline__date-hide uagb-timeline__inner-date-new\">\n\t\t\t\tjanvier 28, 2023\t\t\t<\/div>\n\t\t\t\t\t\t\t\t\t\t\t\t\t\t<a class='uagb-timeline__image' href=\"https:\/\/www.photoclubsavenay.com\/blogWP\/sortie-chateau-du-goust\/\" target=\"_self\" rel=\"noopener noreferrer\"><img loading=\"lazy\" decoding=\"async\" width=\"150\" height=\"100\" src=\"https:\/\/www.photoclubsavenay.com\/blogWP\/wp-content\/uploads\/2023\/01\/DP-_Mini_Niagara-150x100.jpg\" class=\"attachment-thumbnail size-thumbnail\" alt=\"\" srcset=\"https:\/\/www.photoclubsavenay.com\/blogWP\/wp-content\/uploads\/2023\/01\/DP-_Mini_Niagara-150x100.jpg 150w, https:\/\/www.photoclubsavenay.com\/blogWP\/wp-content\/uploads\/2023\/01\/DP-_Mini_Niagara-300x200.jpg 300w, https:\/\/www.photoclubsavenay.com\/blogWP\/wp-content\/uploads\/2023\/01\/DP-_Mini_Niagara-1024x683.jpg 1024w, https:\/\/www.photoclubsavenay.com\/blogWP\/wp-content\/uploads\/2023\/01\/DP-_Mini_Niagara-768x512.jpg 768w, https:\/\/www.photoclubsavenay.com\/blogWP\/wp-content\/uploads\/2023\/01\/DP-_Mini_Niagara.jpg 1080w\" sizes=\"(max-width: 150px) 100vw, 150px\" \/>\t\t\t\t<\/a>\n\t\t\t\t\t\t\t\t\t\t\t\t\t\t\t\t\t\t\t<h3 class=\"uagb-timeline__heading\" >\n\t\t\t\t\t<a href=\"https:\/\/www.photoclubsavenay.com\/blogWP\/sortie-chateau-du-goust\/\" target=\"_self\" rel=\"noopener noreferrer\">Sortie ch\u00e2teau du Goust<\/a>\n\t\t\t\t<\/h3>\n\t\t\t\t\t\t\t\t\t\t\t<span class=\"dashicons-admin-users dashicons\"><\/span>\n\t\t\t\t<a class=\"uagb-timeline__author-link\" href=\"https:\/\/www.photoclubsavenay.com\/blogWP\/author\/photoclubsavenay\/\">PhotoClub Savenay<\/a>\n\t\t\t\t\t\t\t<div class=\"uagb-timeline-desc-content\">\n\t\t\t\t<p>Samedi 28 Janvier, la m\u00e9t\u00e9o \u00e9tait enfin optimale pour effectuer la sortie sans cuissardes !&#8230;\t\t\t<\/div>\n\t\t\t\t\t\t<div class=\"uagb-timeline__link_parent wp-block-button\">\n\t\t\t\t<a class=\"uagb-timeline__link wp-block-button__link\" style=\"\" href=\"https:\/\/www.photoclubsavenay.com\/blogWP\/sortie-chateau-du-goust\/\" target=\"_self\" rel=\" noopener noreferrer\">Lire la suite<\/a>\n\t\t\t<\/div>\n\t\t\t\t\t\t\t\t\t\t\t<div class = \"uagb-timeline__arrow\"><\/div>\n\t\t\t\t\t\t<\/div>\n\t\t\t\t\t<\/div>\n\t\t\t\t\t\t\t\t\t\t\t\t\t\t<div datetime=\"2023-01-28T18:50:15+01:00\" class=\"uagb-timeline__date-new\">\n\t\t\t\tjanvier 28, 2023\t\t\t<\/div>\n\t\t\t\t\t\t\t\t\t\t\t<\/article>\n\t\t\t\t\t\t<article class = \"uagb-timeline__field  uagb-timeline__right\">\n\t\t\t\t\t\t\t\t<div class = \"uagb-timeline__marker uagb-timeline__out-view-icon\" >\n\t\t\t\t<span class = \"uagb-timeline__icon-new uagb-timeline__out-view-icon\" >\t\t\t\t<svg xmlns=\"https:\/\/www.w3.org\/2000\/svg\" viewBox= \"0 0 448 512\"><path d=\"M160 32V64H288V32C288 14.33 302.3 0 320 0C337.7 0 352 14.33 352 32V64H400C426.5 64 448 85.49 448 112V160H0V112C0 85.49 21.49 64 48 64H96V32C96 14.33 110.3 0 128 0C145.7 0 160 14.33 160 32zM0 192H448V464C448 490.5 426.5 512 400 512H48C21.49 512 0 490.5 0 464V192zM64 304C64 312.8 71.16 320 80 320H112C120.8 320 128 312.8 128 304V272C128 263.2 120.8 256 112 256H80C71.16 256 64 263.2 64 272V304zM192 304C192 312.8 199.2 320 208 320H240C248.8 320 256 312.8 256 304V272C256 263.2 248.8 256 240 256H208C199.2 256 192 263.2 192 272V304zM336 256C327.2 256 320 263.2 320 272V304C320 312.8 327.2 320 336 320H368C376.8 320 384 312.8 384 304V272C384 263.2 376.8 256 368 256H336zM64 432C64 440.8 71.16 448 80 448H112C120.8 448 128 440.8 128 432V400C128 391.2 120.8 384 112 384H80C71.16 384 64 391.2 64 400V432zM208 384C199.2 384 192 391.2 192 400V432C192 440.8 199.2 448 208 448H240C248.8 448 256 440.8 256 432V400C256 391.2 248.8 384 240 384H208zM320 432C320 440.8 327.2 448 336 448H368C376.8 448 384 440.8 384 432V400C384 391.2 376.8 384 368 384H336C327.2 384 320 391.2 320 400V432z\"><\/path><\/svg>\n\t\t\t\t<\/span>\n\t\t\t<\/div>\n\t\t\t\t\t\t\t\t<div class = \"uagb-timeline__day-new uagb-timeline__day-right uagb-timeline__events-inner-new\" >\n\t\t\t\t\t\t<div class=\"uagb-timeline__events-inner--content\">\n\t\t\t\t\t\t\t\t\t\t\t<div datetime=\"2023-01-22T13:38:08+01:00\" class=\"uagb-timeline__date-hide uagb-timeline__inner-date-new\">\n\t\t\t\tjanvier 22, 2023\t\t\t<\/div>\n\t\t\t\t\t\t\t\t\t\t\t\t\t\t<a class='uagb-timeline__image' href=\"https:\/\/www.photoclubsavenay.com\/blogWP\/seance-du-20-janvier-2023\/\" target=\"_self\" rel=\"noopener noreferrer\"><img loading=\"lazy\" decoding=\"async\" width=\"150\" height=\"150\" src=\"https:\/\/www.photoclubsavenay.com\/blogWP\/wp-content\/uploads\/2022\/12\/Seances-150x150.png\" class=\"attachment-thumbnail size-thumbnail\" alt=\"\" srcset=\"https:\/\/www.photoclubsavenay.com\/blogWP\/wp-content\/uploads\/2022\/12\/Seances-150x150.png 150w, https:\/\/www.photoclubsavenay.com\/blogWP\/wp-content\/uploads\/2022\/12\/Seances-300x300.png 300w, https:\/\/www.photoclubsavenay.com\/blogWP\/wp-content\/uploads\/2022\/12\/Seances-1024x1024.png 1024w, https:\/\/www.photoclubsavenay.com\/blogWP\/wp-content\/uploads\/2022\/12\/Seances-768x768.png 768w, https:\/\/www.photoclubsavenay.com\/blogWP\/wp-content\/uploads\/2022\/12\/Seances.png 1080w\" sizes=\"(max-width: 150px) 100vw, 150px\" \/>\t\t\t\t<\/a>\n\t\t\t\t\t\t\t\t\t\t\t\t\t\t\t\t\t\t\t<h3 class=\"uagb-timeline__heading\" >\n\t\t\t\t\t<a href=\"https:\/\/www.photoclubsavenay.com\/blogWP\/seance-du-20-janvier-2023\/\" target=\"_self\" rel=\"noopener noreferrer\">S\u00e9ance du 20 janvier 2023<\/a>\n\t\t\t\t<\/h3>\n\t\t\t\t\t\t\t\t\t\t\t<span class=\"dashicons-admin-users dashicons\"><\/span>\n\t\t\t\t<a class=\"uagb-timeline__author-link\" href=\"https:\/\/www.photoclubsavenay.com\/blogWP\/author\/photoclubsavenay\/\">PhotoClub Savenay<\/a>\n\t\t\t\t\t\t\t<div class=\"uagb-timeline-desc-content\">\n\t\t\t\t<p>Pr\u00e9sents\u00a0: 20 personnesLAP\u00a0:Expo de la s\u00e9lection 2022 aura lieu du 18\/02 au 05\/03 \u00e0 la&#8230;\t\t\t<\/div>\n\t\t\t\t\t\t<div class=\"uagb-timeline__link_parent wp-block-button\">\n\t\t\t\t<a class=\"uagb-timeline__link wp-block-button__link\" style=\"\" href=\"https:\/\/www.photoclubsavenay.com\/blogWP\/seance-du-20-janvier-2023\/\" target=\"_self\" rel=\" noopener noreferrer\">Lire la suite<\/a>\n\t\t\t<\/div>\n\t\t\t\t\t\t\t\t\t\t\t<div class = \"uagb-timeline__arrow\"><\/div>\n\t\t\t\t\t\t<\/div>\n\t\t\t\t\t<\/div>\n\t\t\t\t\t\t\t\t\t\t\t\t\t\t<div datetime=\"2023-01-22T13:38:08+01:00\" class=\"uagb-timeline__date-new\">\n\t\t\t\tjanvier 22, 2023\t\t\t<\/div>\n\t\t\t\t\t\t\t\t\t\t\t<\/article>\n\t\t\t\t\t\t<article class = \"uagb-timeline__field  uagb-timeline__left\">\n\t\t\t\t\t\t\t\t<div class = \"uagb-timeline__marker uagb-timeline__out-view-icon\" >\n\t\t\t\t<span class = \"uagb-timeline__icon-new uagb-timeline__out-view-icon\" >\t\t\t\t<svg xmlns=\"https:\/\/www.w3.org\/2000\/svg\" viewBox= \"0 0 448 512\"><path d=\"M160 32V64H288V32C288 14.33 302.3 0 320 0C337.7 0 352 14.33 352 32V64H400C426.5 64 448 85.49 448 112V160H0V112C0 85.49 21.49 64 48 64H96V32C96 14.33 110.3 0 128 0C145.7 0 160 14.33 160 32zM0 192H448V464C448 490.5 426.5 512 400 512H48C21.49 512 0 490.5 0 464V192zM64 304C64 312.8 71.16 320 80 320H112C120.8 320 128 312.8 128 304V272C128 263.2 120.8 256 112 256H80C71.16 256 64 263.2 64 272V304zM192 304C192 312.8 199.2 320 208 320H240C248.8 320 256 312.8 256 304V272C256 263.2 248.8 256 240 256H208C199.2 256 192 263.2 192 272V304zM336 256C327.2 256 320 263.2 320 272V304C320 312.8 327.2 320 336 320H368C376.8 320 384 312.8 384 304V272C384 263.2 376.8 256 368 256H336zM64 432C64 440.8 71.16 448 80 448H112C120.8 448 128 440.8 128 432V400C128 391.2 120.8 384 112 384H80C71.16 384 64 391.2 64 400V432zM208 384C199.2 384 192 391.2 192 400V432C192 440.8 199.2 448 208 448H240C248.8 448 256 440.8 256 432V400C256 391.2 248.8 384 240 384H208zM320 432C320 440.8 327.2 448 336 448H368C376.8 448 384 440.8 384 432V400C384 391.2 376.8 384 368 384H336C327.2 384 320 391.2 320 400V432z\"><\/path><\/svg>\n\t\t\t\t<\/span>\n\t\t\t<\/div>\n\t\t\t\t\t\t\t\t<div class = \"uagb-timeline__day-new uagb-timeline__day-left uagb-timeline__events-inner-new\" >\n\t\t\t\t\t\t<div class=\"uagb-timeline__events-inner--content\">\n\t\t\t\t\t\t\t\t\t\t\t<div datetime=\"2023-01-19T20:26:43+01:00\" class=\"uagb-timeline__date-hide uagb-timeline__inner-date-new\">\n\t\t\t\tjanvier 19, 2023\t\t\t<\/div>\n\t\t\t\t\t\t\t\t\t\t\t\t\t\t<a class='uagb-timeline__image' href=\"https:\/\/www.photoclubsavenay.com\/blogWP\/themes-concours-mois\/\" target=\"_self\" rel=\"noopener noreferrer\"><img loading=\"lazy\" decoding=\"async\" width=\"150\" height=\"150\" src=\"https:\/\/www.photoclubsavenay.com\/blogWP\/wp-content\/uploads\/2022\/01\/My-project-7-150x150.jpg\" class=\"attachment-thumbnail size-thumbnail\" alt=\"\" srcset=\"https:\/\/www.photoclubsavenay.com\/blogWP\/wp-content\/uploads\/2022\/01\/My-project-7-150x150.jpg 150w, https:\/\/www.photoclubsavenay.com\/blogWP\/wp-content\/uploads\/2022\/01\/My-project-7-300x300.jpg 300w, https:\/\/www.photoclubsavenay.com\/blogWP\/wp-content\/uploads\/2022\/01\/My-project-7-1024x1024.jpg 1024w, https:\/\/www.photoclubsavenay.com\/blogWP\/wp-content\/uploads\/2022\/01\/My-project-7-768x768.jpg 768w, https:\/\/www.photoclubsavenay.com\/blogWP\/wp-content\/uploads\/2022\/01\/My-project-7.jpg 1080w\" sizes=\"(max-width: 150px) 100vw, 150px\" \/>\t\t\t\t<\/a>\n\t\t\t\t\t\t\t\t\t\t\t\t\t\t\t\t\t\t\t<h3 class=\"uagb-timeline__heading\" >\n\t\t\t\t\t<a href=\"https:\/\/www.photoclubsavenay.com\/blogWP\/themes-concours-mois\/\" target=\"_self\" rel=\"noopener noreferrer\">Th\u00e8mes concours interne jusqu&#8217;en Juin 2023<\/a>\n\t\t\t\t<\/h3>\n\t\t\t\t\t\t\t\t\t\t\t<span class=\"dashicons-admin-users dashicons\"><\/span>\n\t\t\t\t<a class=\"uagb-timeline__author-link\" href=\"https:\/\/www.photoclubsavenay.com\/blogWP\/author\/photoclubsavenay\/\">PhotoClub Savenay<\/a>\n\t\t\t\t\t\t\t<div class=\"uagb-timeline-desc-content\">\n\t\t\t\t<p>Voil\u00e0 les prochains th\u00e8mes pour la fin de l&#8217;ann\u00e9e de quoi travailler toute l&#8217;ann\u00e9e, alors&#8230;\t\t\t<\/div>\n\t\t\t\t\t\t<div class=\"uagb-timeline__link_parent wp-block-button\">\n\t\t\t\t<a class=\"uagb-timeline__link wp-block-button__link\" style=\"\" href=\"https:\/\/www.photoclubsavenay.com\/blogWP\/themes-concours-mois\/\" target=\"_self\" rel=\" noopener noreferrer\">Lire la suite<\/a>\n\t\t\t<\/div>\n\t\t\t\t\t\t\t\t\t\t\t<div class = \"uagb-timeline__arrow\"><\/div>\n\t\t\t\t\t\t<\/div>\n\t\t\t\t\t<\/div>\n\t\t\t\t\t\t\t\t\t\t\t\t\t\t<div datetime=\"2023-01-19T20:26:43+01:00\" class=\"uagb-timeline__date-new\">\n\t\t\t\tjanvier 19, 2023\t\t\t<\/div>\n\t\t\t\t\t\t\t\t\t\t\t<\/article>\n\t\t\t\t\t\t<article class = \"uagb-timeline__field  uagb-timeline__right\">\n\t\t\t\t\t\t\t\t<div class = \"uagb-timeline__marker uagb-timeline__out-view-icon\" >\n\t\t\t\t<span class = \"uagb-timeline__icon-new uagb-timeline__out-view-icon\" >\t\t\t\t<svg xmlns=\"https:\/\/www.w3.org\/2000\/svg\" viewBox= \"0 0 448 512\"><path d=\"M160 32V64H288V32C288 14.33 302.3 0 320 0C337.7 0 352 14.33 352 32V64H400C426.5 64 448 85.49 448 112V160H0V112C0 85.49 21.49 64 48 64H96V32C96 14.33 110.3 0 128 0C145.7 0 160 14.33 160 32zM0 192H448V464C448 490.5 426.5 512 400 512H48C21.49 512 0 490.5 0 464V192zM64 304C64 312.8 71.16 320 80 320H112C120.8 320 128 312.8 128 304V272C128 263.2 120.8 256 112 256H80C71.16 256 64 263.2 64 272V304zM192 304C192 312.8 199.2 320 208 320H240C248.8 320 256 312.8 256 304V272C256 263.2 248.8 256 240 256H208C199.2 256 192 263.2 192 272V304zM336 256C327.2 256 320 263.2 320 272V304C320 312.8 327.2 320 336 320H368C376.8 320 384 312.8 384 304V272C384 263.2 376.8 256 368 256H336zM64 432C64 440.8 71.16 448 80 448H112C120.8 448 128 440.8 128 432V400C128 391.2 120.8 384 112 384H80C71.16 384 64 391.2 64 400V432zM208 384C199.2 384 192 391.2 192 400V432C192 440.8 199.2 448 208 448H240C248.8 448 256 440.8 256 432V400C256 391.2 248.8 384 240 384H208zM320 432C320 440.8 327.2 448 336 448H368C376.8 448 384 440.8 384 432V400C384 391.2 376.8 384 368 384H336C327.2 384 320 391.2 320 400V432z\"><\/path><\/svg>\n\t\t\t\t<\/span>\n\t\t\t<\/div>\n\t\t\t\t\t\t\t\t<div class = \"uagb-timeline__day-new uagb-timeline__day-right uagb-timeline__events-inner-new\" >\n\t\t\t\t\t\t<div class=\"uagb-timeline__events-inner--content\">\n\t\t\t\t\t\t\t\t\t\t\t<div datetime=\"2023-01-15T19:12:09+01:00\" class=\"uagb-timeline__date-hide uagb-timeline__inner-date-new\">\n\t\t\t\tjanvier 15, 2023\t\t\t<\/div>\n\t\t\t\t\t\t\t\t\t\t\t\t\t\t<a class='uagb-timeline__image' href=\"https:\/\/www.photoclubsavenay.com\/blogWP\/seance-du-06-janvier-2023\/\" target=\"_self\" rel=\"noopener noreferrer\"><img loading=\"lazy\" decoding=\"async\" width=\"150\" height=\"150\" src=\"https:\/\/www.photoclubsavenay.com\/blogWP\/wp-content\/uploads\/2022\/12\/Seances-150x150.png\" class=\"attachment-thumbnail size-thumbnail\" alt=\"\" srcset=\"https:\/\/www.photoclubsavenay.com\/blogWP\/wp-content\/uploads\/2022\/12\/Seances-150x150.png 150w, https:\/\/www.photoclubsavenay.com\/blogWP\/wp-content\/uploads\/2022\/12\/Seances-300x300.png 300w, https:\/\/www.photoclubsavenay.com\/blogWP\/wp-content\/uploads\/2022\/12\/Seances-1024x1024.png 1024w, https:\/\/www.photoclubsavenay.com\/blogWP\/wp-content\/uploads\/2022\/12\/Seances-768x768.png 768w, https:\/\/www.photoclubsavenay.com\/blogWP\/wp-content\/uploads\/2022\/12\/Seances.png 1080w\" sizes=\"(max-width: 150px) 100vw, 150px\" \/>\t\t\t\t<\/a>\n\t\t\t\t\t\t\t\t\t\t\t\t\t\t\t\t\t\t\t<h3 class=\"uagb-timeline__heading\" >\n\t\t\t\t\t<a href=\"https:\/\/www.photoclubsavenay.com\/blogWP\/seance-du-06-janvier-2023\/\" target=\"_self\" rel=\"noopener noreferrer\">S\u00e9ance du 06 janvier 2023<\/a>\n\t\t\t\t<\/h3>\n\t\t\t\t\t\t\t\t\t\t\t<span class=\"dashicons-admin-users dashicons\"><\/span>\n\t\t\t\t<a class=\"uagb-timeline__author-link\" href=\"https:\/\/www.photoclubsavenay.com\/blogWP\/author\/photoclubsavenay\/\">PhotoClub Savenay<\/a>\n\t\t\t\t\t\t\t<div class=\"uagb-timeline-desc-content\">\n\t\t\t\t<p>Pr\u00e9sents\u00a0: 32 personnes Pr\u00e9sentation s\u00e9rie LAP en salle 2 &#8211; Evelyne et Jean-Paul ont pr\u00e9sent\u00e9&#8230;\t\t\t<\/div>\n\t\t\t\t\t\t<div class=\"uagb-timeline__link_parent wp-block-button\">\n\t\t\t\t<a class=\"uagb-timeline__link wp-block-button__link\" style=\"\" href=\"https:\/\/www.photoclubsavenay.com\/blogWP\/seance-du-06-janvier-2023\/\" target=\"_self\" rel=\" noopener noreferrer\">Lire la suite<\/a>\n\t\t\t<\/div>\n\t\t\t\t\t\t\t\t\t\t\t<div class = \"uagb-timeline__arrow\"><\/div>\n\t\t\t\t\t\t<\/div>\n\t\t\t\t\t<\/div>\n\t\t\t\t\t\t\t\t\t\t\t\t\t\t<div datetime=\"2023-01-15T19:12:09+01:00\" class=\"uagb-timeline__date-new\">\n\t\t\t\tjanvier 15, 2023\t\t\t<\/div>\n\t\t\t\t\t\t\t\t\t\t\t<\/article>\n\t\t\t\t\t\t<article class = \"uagb-timeline__field  uagb-timeline__left\">\n\t\t\t\t\t\t\t\t<div class = \"uagb-timeline__marker uagb-timeline__out-view-icon\" >\n\t\t\t\t<span class = \"uagb-timeline__icon-new uagb-timeline__out-view-icon\" >\t\t\t\t<svg xmlns=\"https:\/\/www.w3.org\/2000\/svg\" viewBox= \"0 0 448 512\"><path d=\"M160 32V64H288V32C288 14.33 302.3 0 320 0C337.7 0 352 14.33 352 32V64H400C426.5 64 448 85.49 448 112V160H0V112C0 85.49 21.49 64 48 64H96V32C96 14.33 110.3 0 128 0C145.7 0 160 14.33 160 32zM0 192H448V464C448 490.5 426.5 512 400 512H48C21.49 512 0 490.5 0 464V192zM64 304C64 312.8 71.16 320 80 320H112C120.8 320 128 312.8 128 304V272C128 263.2 120.8 256 112 256H80C71.16 256 64 263.2 64 272V304zM192 304C192 312.8 199.2 320 208 320H240C248.8 320 256 312.8 256 304V272C256 263.2 248.8 256 240 256H208C199.2 256 192 263.2 192 272V304zM336 256C327.2 256 320 263.2 320 272V304C320 312.8 327.2 320 336 320H368C376.8 320 384 312.8 384 304V272C384 263.2 376.8 256 368 256H336zM64 432C64 440.8 71.16 448 80 448H112C120.8 448 128 440.8 128 432V400C128 391.2 120.8 384 112 384H80C71.16 384 64 391.2 64 400V432zM208 384C199.2 384 192 391.2 192 400V432C192 440.8 199.2 448 208 448H240C248.8 448 256 440.8 256 432V400C256 391.2 248.8 384 240 384H208zM320 432C320 440.8 327.2 448 336 448H368C376.8 448 384 440.8 384 432V400C384 391.2 376.8 384 368 384H336C327.2 384 320 391.2 320 400V432z\"><\/path><\/svg>\n\t\t\t\t<\/span>\n\t\t\t<\/div>\n\t\t\t\t\t\t\t\t<div class = \"uagb-timeline__day-new uagb-timeline__day-left uagb-timeline__events-inner-new\" >\n\t\t\t\t\t\t<div class=\"uagb-timeline__events-inner--content\">\n\t\t\t\t\t\t\t\t\t\t\t<div datetime=\"2022-12-20T18:45:28+01:00\" class=\"uagb-timeline__date-hide uagb-timeline__inner-date-new\">\n\t\t\t\td\u00e9cembre 20, 2022\t\t\t<\/div>\n\t\t\t\t\t\t\t\t\t\t\t\t\t\t<a class='uagb-timeline__image' href=\"https:\/\/www.photoclubsavenay.com\/blogWP\/sortie-photo-de-nuit-saint-nazaire\/\" target=\"_self\" rel=\"noopener noreferrer\"><img loading=\"lazy\" decoding=\"async\" width=\"150\" height=\"100\" src=\"https:\/\/www.photoclubsavenay.com\/blogWP\/wp-content\/uploads\/2022\/11\/5-150x100.jpg\" class=\"attachment-thumbnail size-thumbnail\" alt=\"\" srcset=\"https:\/\/www.photoclubsavenay.com\/blogWP\/wp-content\/uploads\/2022\/11\/5-150x100.jpg 150w, https:\/\/www.photoclubsavenay.com\/blogWP\/wp-content\/uploads\/2022\/11\/5-300x200.jpg 300w, https:\/\/www.photoclubsavenay.com\/blogWP\/wp-content\/uploads\/2022\/11\/5-1024x683.jpg 1024w, https:\/\/www.photoclubsavenay.com\/blogWP\/wp-content\/uploads\/2022\/11\/5-768x512.jpg 768w, https:\/\/www.photoclubsavenay.com\/blogWP\/wp-content\/uploads\/2022\/11\/5.jpg 1080w\" sizes=\"(max-width: 150px) 100vw, 150px\" \/>\t\t\t\t<\/a>\n\t\t\t\t\t\t\t\t\t\t\t\t\t\t\t\t\t\t\t<h3 class=\"uagb-timeline__heading\" >\n\t\t\t\t\t<a href=\"https:\/\/www.photoclubsavenay.com\/blogWP\/sortie-photo-de-nuit-saint-nazaire\/\" target=\"_self\" rel=\"noopener noreferrer\">Sortie photo de nuit \u00e0 Saint Nazaire<\/a>\n\t\t\t\t<\/h3>\n\t\t\t\t\t\t\t\t\t\t\t<span class=\"dashicons-admin-users dashicons\"><\/span>\n\t\t\t\t<a class=\"uagb-timeline__author-link\" href=\"https:\/\/www.photoclubsavenay.com\/blogWP\/author\/photoclubsavenay\/\">PhotoClub Savenay<\/a>\n\t\t\t\t\t\t\t<div class=\"uagb-timeline-desc-content\">\n\t\t\t\t<p>La derni\u00e8re sortie de l&#8217;ann\u00e9e s&#8217;est d\u00e9roul\u00e9e le 9 d\u00e9cembre. Plus d&#8217;une dizaine de courageux&#8230;\t\t\t<\/div>\n\t\t\t\t\t\t<div class=\"uagb-timeline__link_parent wp-block-button\">\n\t\t\t\t<a class=\"uagb-timeline__link wp-block-button__link\" style=\"\" href=\"https:\/\/www.photoclubsavenay.com\/blogWP\/sortie-photo-de-nuit-saint-nazaire\/\" target=\"_self\" rel=\" noopener noreferrer\">Lire la suite<\/a>\n\t\t\t<\/div>\n\t\t\t\t\t\t\t\t\t\t\t<div class = \"uagb-timeline__arrow\"><\/div>\n\t\t\t\t\t\t<\/div>\n\t\t\t\t\t<\/div>\n\t\t\t\t\t\t\t\t\t\t\t\t\t\t<div datetime=\"2022-12-20T18:45:28+01:00\" class=\"uagb-timeline__date-new\">\n\t\t\t\td\u00e9cembre 20, 2022\t\t\t<\/div>\n\t\t\t\t\t\t\t\t\t\t\t<\/article>\n\t\t\t\t\t\t<article class = \"uagb-timeline__field  uagb-timeline__right\">\n\t\t\t\t\t\t\t\t<div class = \"uagb-timeline__marker uagb-timeline__out-view-icon\" >\n\t\t\t\t<span class = \"uagb-timeline__icon-new uagb-timeline__out-view-icon\" >\t\t\t\t<svg xmlns=\"https:\/\/www.w3.org\/2000\/svg\" viewBox= \"0 0 448 512\"><path d=\"M160 32V64H288V32C288 14.33 302.3 0 320 0C337.7 0 352 14.33 352 32V64H400C426.5 64 448 85.49 448 112V160H0V112C0 85.49 21.49 64 48 64H96V32C96 14.33 110.3 0 128 0C145.7 0 160 14.33 160 32zM0 192H448V464C448 490.5 426.5 512 400 512H48C21.49 512 0 490.5 0 464V192zM64 304C64 312.8 71.16 320 80 320H112C120.8 320 128 312.8 128 304V272C128 263.2 120.8 256 112 256H80C71.16 256 64 263.2 64 272V304zM192 304C192 312.8 199.2 320 208 320H240C248.8 320 256 312.8 256 304V272C256 263.2 248.8 256 240 256H208C199.2 256 192 263.2 192 272V304zM336 256C327.2 256 320 263.2 320 272V304C320 312.8 327.2 320 336 320H368C376.8 320 384 312.8 384 304V272C384 263.2 376.8 256 368 256H336zM64 432C64 440.8 71.16 448 80 448H112C120.8 448 128 440.8 128 432V400C128 391.2 120.8 384 112 384H80C71.16 384 64 391.2 64 400V432zM208 384C199.2 384 192 391.2 192 400V432C192 440.8 199.2 448 208 448H240C248.8 448 256 440.8 256 432V400C256 391.2 248.8 384 240 384H208zM320 432C320 440.8 327.2 448 336 448H368C376.8 448 384 440.8 384 432V400C384 391.2 376.8 384 368 384H336C327.2 384 320 391.2 320 400V432z\"><\/path><\/svg>\n\t\t\t\t<\/span>\n\t\t\t<\/div>\n\t\t\t\t\t\t\t\t<div class = \"uagb-timeline__day-new uagb-timeline__day-right uagb-timeline__events-inner-new\" >\n\t\t\t\t\t\t<div class=\"uagb-timeline__events-inner--content\">\n\t\t\t\t\t\t\t\t\t\t\t<div datetime=\"2022-12-20T14:23:37+01:00\" class=\"uagb-timeline__date-hide uagb-timeline__inner-date-new\">\n\t\t\t\td\u00e9cembre 20, 2022\t\t\t<\/div>\n\t\t\t\t\t\t\t\t\t\t\t\t\t\t<a class='uagb-timeline__image' href=\"https:\/\/www.photoclubsavenay.com\/blogWP\/une-exposition-dans-le-coin\/\" target=\"_self\" rel=\"noopener noreferrer\"><img loading=\"lazy\" decoding=\"async\" width=\"150\" height=\"150\" src=\"https:\/\/www.photoclubsavenay.com\/blogWP\/wp-content\/uploads\/2022\/12\/Seances-150x150.png\" class=\"attachment-thumbnail size-thumbnail\" alt=\"\" srcset=\"https:\/\/www.photoclubsavenay.com\/blogWP\/wp-content\/uploads\/2022\/12\/Seances-150x150.png 150w, https:\/\/www.photoclubsavenay.com\/blogWP\/wp-content\/uploads\/2022\/12\/Seances-300x300.png 300w, https:\/\/www.photoclubsavenay.com\/blogWP\/wp-content\/uploads\/2022\/12\/Seances-1024x1024.png 1024w, https:\/\/www.photoclubsavenay.com\/blogWP\/wp-content\/uploads\/2022\/12\/Seances-768x768.png 768w, https:\/\/www.photoclubsavenay.com\/blogWP\/wp-content\/uploads\/2022\/12\/Seances.png 1080w\" sizes=\"(max-width: 150px) 100vw, 150px\" \/>\t\t\t\t<\/a>\n\t\t\t\t\t\t\t\t\t\t\t\t\t\t\t\t\t\t\t<h3 class=\"uagb-timeline__heading\" >\n\t\t\t\t\t<a href=\"https:\/\/www.photoclubsavenay.com\/blogWP\/une-exposition-dans-le-coin\/\" target=\"_self\" rel=\"noopener noreferrer\">S\u00e9ance du 16 d\u00e9cembre 2022<\/a>\n\t\t\t\t<\/h3>\n\t\t\t\t\t\t\t\t\t\t\t<span class=\"dashicons-admin-users dashicons\"><\/span>\n\t\t\t\t<a class=\"uagb-timeline__author-link\" href=\"https:\/\/www.photoclubsavenay.com\/blogWP\/author\/photoclubsavenay\/\">PhotoClub Savenay<\/a>\n\t\t\t\t\t\t\t<div class=\"uagb-timeline-desc-content\">\n\t\t\t\t<p>Info LAP : date limite d&#8217;envoi des photos pour la s\u00e9lection 23\/12 Petit march\u00e9 de&#8230;\t\t\t<\/div>\n\t\t\t\t\t\t<div class=\"uagb-timeline__link_parent wp-block-button\">\n\t\t\t\t<a class=\"uagb-timeline__link wp-block-button__link\" style=\"\" href=\"https:\/\/www.photoclubsavenay.com\/blogWP\/une-exposition-dans-le-coin\/\" target=\"_self\" rel=\" noopener noreferrer\">Lire la suite<\/a>\n\t\t\t<\/div>\n\t\t\t\t\t\t\t\t\t\t\t<div class = \"uagb-timeline__arrow\"><\/div>\n\t\t\t\t\t\t<\/div>\n\t\t\t\t\t<\/div>\n\t\t\t\t\t\t\t\t\t\t\t\t\t\t<div datetime=\"2022-12-20T14:23:37+01:00\" class=\"uagb-timeline__date-new\">\n\t\t\t\td\u00e9cembre 20, 2022\t\t\t<\/div>\n\t\t\t\t\t\t\t\t\t\t\t<\/article>\n\t\t\t\t\t\t<article class = \"uagb-timeline__field  uagb-timeline__left\">\n\t\t\t\t\t\t\t\t<div class = \"uagb-timeline__marker uagb-timeline__out-view-icon\" >\n\t\t\t\t<span class = \"uagb-timeline__icon-new uagb-timeline__out-view-icon\" >\t\t\t\t<svg xmlns=\"https:\/\/www.w3.org\/2000\/svg\" viewBox= \"0 0 448 512\"><path d=\"M160 32V64H288V32C288 14.33 302.3 0 320 0C337.7 0 352 14.33 352 32V64H400C426.5 64 448 85.49 448 112V160H0V112C0 85.49 21.49 64 48 64H96V32C96 14.33 110.3 0 128 0C145.7 0 160 14.33 160 32zM0 192H448V464C448 490.5 426.5 512 400 512H48C21.49 512 0 490.5 0 464V192zM64 304C64 312.8 71.16 320 80 320H112C120.8 320 128 312.8 128 304V272C128 263.2 120.8 256 112 256H80C71.16 256 64 263.2 64 272V304zM192 304C192 312.8 199.2 320 208 320H240C248.8 320 256 312.8 256 304V272C256 263.2 248.8 256 240 256H208C199.2 256 192 263.2 192 272V304zM336 256C327.2 256 320 263.2 320 272V304C320 312.8 327.2 320 336 320H368C376.8 320 384 312.8 384 304V272C384 263.2 376.8 256 368 256H336zM64 432C64 440.8 71.16 448 80 448H112C120.8 448 128 440.8 128 432V400C128 391.2 120.8 384 112 384H80C71.16 384 64 391.2 64 400V432zM208 384C199.2 384 192 391.2 192 400V432C192 440.8 199.2 448 208 448H240C248.8 448 256 440.8 256 432V400C256 391.2 248.8 384 240 384H208zM320 432C320 440.8 327.2 448 336 448H368C376.8 448 384 440.8 384 432V400C384 391.2 376.8 384 368 384H336C327.2 384 320 391.2 320 400V432z\"><\/path><\/svg>\n\t\t\t\t<\/span>\n\t\t\t<\/div>\n\t\t\t\t\t\t\t\t<div class = \"uagb-timeline__day-new uagb-timeline__day-left uagb-timeline__events-inner-new\" >\n\t\t\t\t\t\t<div class=\"uagb-timeline__events-inner--content\">\n\t\t\t\t\t\t\t\t\t\t\t<div datetime=\"2022-11-21T13:27:49+01:00\" class=\"uagb-timeline__date-hide uagb-timeline__inner-date-new\">\n\t\t\t\tnovembre 21, 2022\t\t\t<\/div>\n\t\t\t\t\t\t\t\t\t\t\t\t\t\t<a class='uagb-timeline__image' href=\"https:\/\/www.photoclubsavenay.com\/blogWP\/sortie-foret-du-gavre\/\" target=\"_self\" rel=\"noopener noreferrer\"><img loading=\"lazy\" decoding=\"async\" width=\"150\" height=\"100\" src=\"https:\/\/www.photoclubsavenay.com\/blogWP\/wp-content\/uploads\/2022\/11\/DSCF1097-150x100.jpg\" class=\"attachment-thumbnail size-thumbnail\" alt=\"\" srcset=\"https:\/\/www.photoclubsavenay.com\/blogWP\/wp-content\/uploads\/2022\/11\/DSCF1097-150x100.jpg 150w, https:\/\/www.photoclubsavenay.com\/blogWP\/wp-content\/uploads\/2022\/11\/DSCF1097-300x200.jpg 300w, https:\/\/www.photoclubsavenay.com\/blogWP\/wp-content\/uploads\/2022\/11\/DSCF1097-1024x683.jpg 1024w, https:\/\/www.photoclubsavenay.com\/blogWP\/wp-content\/uploads\/2022\/11\/DSCF1097-768x512.jpg 768w, https:\/\/www.photoclubsavenay.com\/blogWP\/wp-content\/uploads\/2022\/11\/DSCF1097.jpg 1080w\" sizes=\"(max-width: 150px) 100vw, 150px\" \/>\t\t\t\t<\/a>\n\t\t\t\t\t\t\t\t\t\t\t\t\t\t\t\t\t\t\t<h3 class=\"uagb-timeline__heading\" >\n\t\t\t\t\t<a href=\"https:\/\/www.photoclubsavenay.com\/blogWP\/sortie-foret-du-gavre\/\" target=\"_self\" rel=\"noopener noreferrer\">Sortie for\u00eat du G\u00e2vre<\/a>\n\t\t\t\t<\/h3>\n\t\t\t\t\t\t\t\t\t\t\t<span class=\"dashicons-admin-users dashicons\"><\/span>\n\t\t\t\t<a class=\"uagb-timeline__author-link\" href=\"https:\/\/www.photoclubsavenay.com\/blogWP\/author\/photoclubsavenay\/\">PhotoClub Savenay<\/a>\n\t\t\t\t\t\t\t<div class=\"uagb-timeline-desc-content\">\n\t\t\t\t<p>Le sp\u00e9cialiste de la for\u00eat du G\u00e2vre du club avait convi\u00e9 les membres de bon&#8230;\t\t\t<\/div>\n\t\t\t\t\t\t<div class=\"uagb-timeline__link_parent wp-block-button\">\n\t\t\t\t<a class=\"uagb-timeline__link wp-block-button__link\" style=\"\" href=\"https:\/\/www.photoclubsavenay.com\/blogWP\/sortie-foret-du-gavre\/\" target=\"_self\" rel=\" noopener noreferrer\">Lire la suite<\/a>\n\t\t\t<\/div>\n\t\t\t\t\t\t\t\t\t\t\t<div class = \"uagb-timeline__arrow\"><\/div>\n\t\t\t\t\t\t<\/div>\n\t\t\t\t\t<\/div>\n\t\t\t\t\t\t\t\t\t\t\t\t\t\t<div datetime=\"2022-11-21T13:27:49+01:00\" class=\"uagb-timeline__date-new\">\n\t\t\t\tnovembre 21, 2022\t\t\t<\/div>\n\t\t\t\t\t\t\t\t\t\t\t<\/article>\n\t\t\t\t\t\t<article class = \"uagb-timeline__field  uagb-timeline__right\">\n\t\t\t\t\t\t\t\t<div class = \"uagb-timeline__marker uagb-timeline__out-view-icon\" >\n\t\t\t\t<span class = \"uagb-timeline__icon-new uagb-timeline__out-view-icon\" >\t\t\t\t<svg xmlns=\"https:\/\/www.w3.org\/2000\/svg\" viewBox= \"0 0 448 512\"><path d=\"M160 32V64H288V32C288 14.33 302.3 0 320 0C337.7 0 352 14.33 352 32V64H400C426.5 64 448 85.49 448 112V160H0V112C0 85.49 21.49 64 48 64H96V32C96 14.33 110.3 0 128 0C145.7 0 160 14.33 160 32zM0 192H448V464C448 490.5 426.5 512 400 512H48C21.49 512 0 490.5 0 464V192zM64 304C64 312.8 71.16 320 80 320H112C120.8 320 128 312.8 128 304V272C128 263.2 120.8 256 112 256H80C71.16 256 64 263.2 64 272V304zM192 304C192 312.8 199.2 320 208 320H240C248.8 320 256 312.8 256 304V272C256 263.2 248.8 256 240 256H208C199.2 256 192 263.2 192 272V304zM336 256C327.2 256 320 263.2 320 272V304C320 312.8 327.2 320 336 320H368C376.8 320 384 312.8 384 304V272C384 263.2 376.8 256 368 256H336zM64 432C64 440.8 71.16 448 80 448H112C120.8 448 128 440.8 128 432V400C128 391.2 120.8 384 112 384H80C71.16 384 64 391.2 64 400V432zM208 384C199.2 384 192 391.2 192 400V432C192 440.8 199.2 448 208 448H240C248.8 448 256 440.8 256 432V400C256 391.2 248.8 384 240 384H208zM320 432C320 440.8 327.2 448 336 448H368C376.8 448 384 440.8 384 432V400C384 391.2 376.8 384 368 384H336C327.2 384 320 391.2 320 400V432z\"><\/path><\/svg>\n\t\t\t\t<\/span>\n\t\t\t<\/div>\n\t\t\t\t\t\t\t\t<div class = \"uagb-timeline__day-new uagb-timeline__day-right uagb-timeline__events-inner-new\" >\n\t\t\t\t\t\t<div class=\"uagb-timeline__events-inner--content\">\n\t\t\t\t\t\t\t\t\t\t\t<div datetime=\"2022-04-01T16:25:09+02:00\" class=\"uagb-timeline__date-hide uagb-timeline__inner-date-new\">\n\t\t\t\tavril 1, 2022\t\t\t<\/div>\n\t\t\t\t\t\t\t\t\t\t\t\t\t\t<a class='uagb-timeline__image' href=\"https:\/\/www.photoclubsavenay.com\/blogWP\/senance-du-25-mars-2022\/\" target=\"_self\" rel=\"noopener noreferrer\"><img loading=\"lazy\" decoding=\"async\" width=\"150\" height=\"150\" src=\"https:\/\/www.photoclubsavenay.com\/blogWP\/wp-content\/uploads\/2022\/12\/Seances-150x150.png\" class=\"attachment-thumbnail size-thumbnail\" alt=\"\" srcset=\"https:\/\/www.photoclubsavenay.com\/blogWP\/wp-content\/uploads\/2022\/12\/Seances-150x150.png 150w, https:\/\/www.photoclubsavenay.com\/blogWP\/wp-content\/uploads\/2022\/12\/Seances-300x300.png 300w, https:\/\/www.photoclubsavenay.com\/blogWP\/wp-content\/uploads\/2022\/12\/Seances-1024x1024.png 1024w, https:\/\/www.photoclubsavenay.com\/blogWP\/wp-content\/uploads\/2022\/12\/Seances-768x768.png 768w, https:\/\/www.photoclubsavenay.com\/blogWP\/wp-content\/uploads\/2022\/12\/Seances.png 1080w\" sizes=\"(max-width: 150px) 100vw, 150px\" \/>\t\t\t\t<\/a>\n\t\t\t\t\t\t\t\t\t\t\t\t\t\t\t\t\t\t\t<h3 class=\"uagb-timeline__heading\" >\n\t\t\t\t\t<a href=\"https:\/\/www.photoclubsavenay.com\/blogWP\/senance-du-25-mars-2022\/\" target=\"_self\" rel=\"noopener noreferrer\">S\u00e9ance du 25 mars 2022<\/a>\n\t\t\t\t<\/h3>\n\t\t\t\t\t\t\t\t\t\t\t<span class=\"dashicons-admin-users dashicons\"><\/span>\n\t\t\t\t<a class=\"uagb-timeline__author-link\" href=\"https:\/\/www.photoclubsavenay.com\/blogWP\/author\/photoclubsavenay\/\">PhotoClub Savenay<\/a>\n\t\t\t\t\t\t\t<div class=\"uagb-timeline-desc-content\">\n\t\t\t\t<p>Pr\u00e9sentation d&#8217;une photographe : Francesca WOODMAN Ce photographe nous a \u00e9t\u00e9 pr\u00e9sent\u00e9 par Catherine lors&#8230;\t\t\t<\/div>\n\t\t\t\t\t\t<div class=\"uagb-timeline__link_parent wp-block-button\">\n\t\t\t\t<a class=\"uagb-timeline__link wp-block-button__link\" style=\"\" href=\"https:\/\/www.photoclubsavenay.com\/blogWP\/senance-du-25-mars-2022\/\" target=\"_self\" rel=\" noopener noreferrer\">Lire la suite<\/a>\n\t\t\t<\/div>\n\t\t\t\t\t\t\t\t\t\t\t<div class = \"uagb-timeline__arrow\"><\/div>\n\t\t\t\t\t\t<\/div>\n\t\t\t\t\t<\/div>\n\t\t\t\t\t\t\t\t\t\t\t\t\t\t<div datetime=\"2022-04-01T16:25:09+02:00\" class=\"uagb-timeline__date-new\">\n\t\t\t\tavril 1, 2022\t\t\t<\/div>\n\t\t\t\t\t\t\t\t\t\t\t<\/article>\n\t\t\t\t\t\t<article class = \"uagb-timeline__field  uagb-timeline__left\">\n\t\t\t\t\t\t\t\t<div class = \"uagb-timeline__marker uagb-timeline__out-view-icon\" >\n\t\t\t\t<span class = \"uagb-timeline__icon-new uagb-timeline__out-view-icon\" >\t\t\t\t<svg xmlns=\"https:\/\/www.w3.org\/2000\/svg\" viewBox= \"0 0 448 512\"><path d=\"M160 32V64H288V32C288 14.33 302.3 0 320 0C337.7 0 352 14.33 352 32V64H400C426.5 64 448 85.49 448 112V160H0V112C0 85.49 21.49 64 48 64H96V32C96 14.33 110.3 0 128 0C145.7 0 160 14.33 160 32zM0 192H448V464C448 490.5 426.5 512 400 512H48C21.49 512 0 490.5 0 464V192zM64 304C64 312.8 71.16 320 80 320H112C120.8 320 128 312.8 128 304V272C128 263.2 120.8 256 112 256H80C71.16 256 64 263.2 64 272V304zM192 304C192 312.8 199.2 320 208 320H240C248.8 320 256 312.8 256 304V272C256 263.2 248.8 256 240 256H208C199.2 256 192 263.2 192 272V304zM336 256C327.2 256 320 263.2 320 272V304C320 312.8 327.2 320 336 320H368C376.8 320 384 312.8 384 304V272C384 263.2 376.8 256 368 256H336zM64 432C64 440.8 71.16 448 80 448H112C120.8 448 128 440.8 128 432V400C128 391.2 120.8 384 112 384H80C71.16 384 64 391.2 64 400V432zM208 384C199.2 384 192 391.2 192 400V432C192 440.8 199.2 448 208 448H240C248.8 448 256 440.8 256 432V400C256 391.2 248.8 384 240 384H208zM320 432C320 440.8 327.2 448 336 448H368C376.8 448 384 440.8 384 432V400C384 391.2 376.8 384 368 384H336C327.2 384 320 391.2 320 400V432z\"><\/path><\/svg>\n\t\t\t\t<\/span>\n\t\t\t<\/div>\n\t\t\t\t\t\t\t\t<div class = \"uagb-timeline__day-new uagb-timeline__day-left uagb-timeline__events-inner-new\" >\n\t\t\t\t\t\t<div class=\"uagb-timeline__events-inner--content\">\n\t\t\t\t\t\t\t\t\t\t\t<div datetime=\"2022-03-10T18:46:08+01:00\" class=\"uagb-timeline__date-hide uagb-timeline__inner-date-new\">\n\t\t\t\tmars 10, 2022\t\t\t<\/div>\n\t\t\t\t\t\t\t\t\t\t\t\t\t\t<a class='uagb-timeline__image' href=\"https:\/\/www.photoclubsavenay.com\/blogWP\/vernissage-campbon\/\" target=\"_self\" rel=\"noopener noreferrer\"><img loading=\"lazy\" decoding=\"async\" width=\"150\" height=\"100\" src=\"https:\/\/www.photoclubsavenay.com\/blogWP\/wp-content\/uploads\/2023\/02\/DSCF1118-150x100.jpg\" class=\"attachment-thumbnail size-thumbnail\" alt=\"\" srcset=\"https:\/\/www.photoclubsavenay.com\/blogWP\/wp-content\/uploads\/2023\/02\/DSCF1118-150x100.jpg 150w, https:\/\/www.photoclubsavenay.com\/blogWP\/wp-content\/uploads\/2023\/02\/DSCF1118-300x199.jpg 300w, https:\/\/www.photoclubsavenay.com\/blogWP\/wp-content\/uploads\/2023\/02\/DSCF1118-1024x680.jpg 1024w, https:\/\/www.photoclubsavenay.com\/blogWP\/wp-content\/uploads\/2023\/02\/DSCF1118-768x510.jpg 768w, https:\/\/www.photoclubsavenay.com\/blogWP\/wp-content\/uploads\/2023\/02\/DSCF1118.jpg 1080w\" sizes=\"(max-width: 150px) 100vw, 150px\" \/>\t\t\t\t<\/a>\n\t\t\t\t\t\t\t\t\t\t\t\t\t\t\t\t\t\t\t<h3 class=\"uagb-timeline__heading\" >\n\t\t\t\t\t<a href=\"https:\/\/www.photoclubsavenay.com\/blogWP\/vernissage-campbon\/\" target=\"_self\" rel=\"noopener noreferrer\">Vernissage de l&#8217;exposition \u00e0 Campbon<\/a>\n\t\t\t\t<\/h3>\n\t\t\t\t\t\t\t\t\t\t\t<span class=\"dashicons-admin-users dashicons\"><\/span>\n\t\t\t\t<a class=\"uagb-timeline__author-link\" href=\"https:\/\/www.photoclubsavenay.com\/blogWP\/author\/claude-t\/\">Claude T.<\/a>\n\t\t\t\t\t\t\t<div class=\"uagb-timeline-desc-content\">\n\t\t\t\t<p>Retour en image sur le vernissage de l&#8217;expo de Campbon 2022. Cette ann\u00e9e, ce sont&#8230;\t\t\t<\/div>\n\t\t\t\t\t\t<div class=\"uagb-timeline__link_parent wp-block-button\">\n\t\t\t\t<a class=\"uagb-timeline__link wp-block-button__link\" style=\"\" href=\"https:\/\/www.photoclubsavenay.com\/blogWP\/vernissage-campbon\/\" target=\"_self\" rel=\" noopener noreferrer\">Lire la suite<\/a>\n\t\t\t<\/div>\n\t\t\t\t\t\t\t\t\t\t\t<div class = \"uagb-timeline__arrow\"><\/div>\n\t\t\t\t\t\t<\/div>\n\t\t\t\t\t<\/div>\n\t\t\t\t\t\t\t\t\t\t\t\t\t\t<div datetime=\"2022-03-10T18:46:08+01:00\" class=\"uagb-timeline__date-new\">\n\t\t\t\tmars 10, 2022\t\t\t<\/div>\n\t\t\t\t\t\t\t\t\t\t\t<\/article>\n\t\t\t\t\t\t\t\t\t\t<div class = \"uagb-timeline__line\" >\n\t\t\t\t\t<div class = \"uagb-timeline__line__inner\"><\/div>\n\t\t\t\t<\/div>\n\t\t\t<\/div>\n\t\t\t<\/div><\/div>\n","protected":false},"excerpt":{"rendered":"","protected":false},"author":482,"featured_media":0,"parent":0,"menu_order":0,"comment_status":"closed","ping_status":"closed","template":"","meta":{"_uag_custom_page_level_css":"","site-sidebar-layout":"no-sidebar","site-content-layout":"page-builder","ast-site-content-layout":"default","site-content-style":"default","site-sidebar-style":"default","ast-global-header-display":"","ast-banner-title-visibility":"","ast-main-header-display":"","ast-hfb-above-header-display":"","ast-hfb-below-header-display":"","ast-hfb-mobile-header-display":"","site-post-title":"disabled","ast-breadcrumbs-content":"","ast-featured-img":"disabled","footer-sml-layout":"","ast-disable-related-posts":"","theme-transparent-header-meta":"","adv-header-id-meta":"","stick-header-meta":"","header-above-stick-meta":"","header-main-stick-meta":"","header-below-stick-meta":"","astra-migrate-meta-layouts":"default","ast-page-background-enabled":"default","ast-page-background-meta":{"desktop":{"background-color":"","background-image":"","background-repeat":"repeat","background-position":"center center","background-size":"auto","background-attachment":"scroll","background-type":"","background-media":"","overlay-type":"","overlay-color":"","overlay-opacity":"","overlay-gradient":""},"tablet":{"background-color":"","background-image":"","background-repeat":"repeat","background-position":"center center","background-size":"auto","background-attachment":"scroll","background-type":"","background-media":"","overlay-type":"","overlay-color":"","overlay-opacity":"","overlay-gradient":""},"mobile":{"background-color":"","background-image":"","background-repeat":"repeat","background-position":"center center","background-size":"auto","background-attachment":"scroll","background-type":"","background-media":"","overlay-type":"","overlay-color":"","overlay-opacity":"","overlay-gradient":""}},"ast-content-background-meta":{"desktop":{"background-color":"var(--ast-global-color-5)","background-image":"","background-repeat":"repeat","background-position":"center center","background-size":"auto","background-attachment":"scroll","background-type":"","background-media":"","overlay-type":"","overlay-color":"","overlay-opacity":"","overlay-gradient":""},"tablet":{"background-color":"var(--ast-global-color-5)","background-image":"","background-repeat":"repeat","background-position":"center center","background-size":"auto","background-attachment":"scroll","background-type":"","background-media":"","overlay-type":"","overlay-color":"","overlay-opacity":"","overlay-gradient":""},"mobile":{"background-color":"var(--ast-global-color-5)","background-image":"","background-repeat":"repeat","background-position":"center center","background-size":"auto","background-attachment":"scroll","background-type":"","background-media":"","overlay-type":"","overlay-color":"","overlay-opacity":"","overlay-gradient":""}},"cybocfi_hide_featured_image":"","footnotes":""},"class_list":["post-11725","page","type-page","status-publish","hentry"],"uagb_featured_image_src":{"full":false,"thumbnail":false,"medium":false,"medium_large":false,"large":false,"1536x1536":false,"2048x2048":false},"uagb_author_info":{"display_name":"PhotoClub Savenay","author_link":"https:\/\/www.photoclubsavenay.com\/blogWP\/author\/photoclubsavenay\/"},"uagb_comment_info":0,"uagb_excerpt":null,"_links":{"self":[{"href":"https:\/\/www.photoclubsavenay.com\/blogWP\/wp-json\/wp\/v2\/pages\/11725"}],"collection":[{"href":"https:\/\/www.photoclubsavenay.com\/blogWP\/wp-json\/wp\/v2\/pages"}],"about":[{"href":"https:\/\/www.photoclubsavenay.com\/blogWP\/wp-json\/wp\/v2\/types\/page"}],"author":[{"embeddable":true,"href":"https:\/\/www.photoclubsavenay.com\/blogWP\/wp-json\/wp\/v2\/users\/482"}],"replies":[{"embeddable":true,"href":"https:\/\/www.photoclubsavenay.com\/blogWP\/wp-json\/wp\/v2\/comments?post=11725"}],"version-history":[{"count":0,"href":"https:\/\/www.photoclubsavenay.com\/blogWP\/wp-json\/wp\/v2\/pages\/11725\/revisions"}],"wp:attachment":[{"href":"https:\/\/www.photoclubsavenay.com\/blogWP\/wp-json\/wp\/v2\/media?parent=11725"}],"curies":[{"name":"wp","href":"https:\/\/api.w.org\/{rel}","templated":true}]}}